{"id":49,"date":"2024-02-06T10:11:41","date_gmt":"2024-02-06T09:11:41","guid":{"rendered":"https:\/\/devprojects2022.lifemoz.com\/Revetium\/?page_id=49"},"modified":"2024-07-31T15:55:38","modified_gmt":"2024-07-31T13:55:38","slug":"revetium-elements","status":"publish","type":"page","link":"https:\/\/devprojects2022.lifemoz.com\/Revetium\/revetium-elements\/","title":{"rendered":"Revetium Elements"},"content":{"rendered":"<div class=\"wpb-content-wrapper\"><p>[vc_row][vc_column][vc_column_text]<\/p>\n<h1>Revetium Elements<\/h1>\n<p>[\/vc_column_text][\/vc_column][\/vc_row][vc_row][vc_column]<div id=\"advanced-tabs-desc-wrap-1816\" class=\"ult_tabs tabs-revetium-elements\" style=\" \" data-tabsstyle=\"style1\"\n data-titlebg=\"#a8a7a7\" data-titlecolor=\"#ffffff\" data-fullheight=\"off\"\n data-titlehoverbg=\"#f09021\" data-titlehovercolor=\"#ffffff\"\n data-rotatetabs=\"0\" data-responsivemode=\"Both\" data-animation=\"Slide\"\ndata-activetitle=\"#ffffff\" data-activeicon=\"\" data-activebg=\"#f09021\"  data-respmode=\"Tabs\" data-respwidth=\"400\" data-scroll = \"on\" data-activeindex=\"1\"><ul id=advanced-tabs-wrap-6566 class=\"ult_tabmenu style1 \" style=\"\"><li class=\"ult_tab_li  \" data-iconcolor=\"#74777b\" data-iconhover=\"#ffffff\" style=\"background-color:#a8a7a7;border-color:transparent;border-width:0px;border-style:solid;border-top-left-radius:8px;\">\n\t\t\t\t\t<a href=\"#1709041326937-1\"  id=\"1709041326937-1\"  style=\"color:#ffffff;;   \" class=\"ult_a  \">\n\t\t\t\t\t     <span class=\"ult_tab_main Both \">\n\t\t\t\t\t \t\t <span class=\"ult_tab_section\">\n\t\t\t\t\t   \t\t\t<span  data-ultimate-target='#advanced-tabs-wrap-6566 .ult-span-text'  data-responsive-json-new='{\"font-size\":\"desktop:15px;\",\"line-height\":\"\"}'  class=\"ult-span-text no_icon ult_tab_display_text ult-responsive\" style=\";\">Si\u00e8ges<\/span>\n\t\t\t\t\t   \t\t<\/span>\n\t\t\t\t\t\t<\/span>\n\t\t\t\t\t<\/a>\n\t\t\t\t\t<\/li><li class=\"ult_tab_li  \" data-iconcolor=\"#74777b\" data-iconhover=\"#ffffff\" style=\"background-color:#a8a7a7;border-color:transparent;border-width:0px;border-style:solid;\">\n\t\t\t\t\t<a href=\"#1709044371394-2-1\"  id=\"1709044371394-2-1\"  style=\"color:#ffffff;;   \" class=\"ult_a  \">\n\t\t\t\t\t     <span class=\"ult_tab_main Both \">\n\t\t\t\t\t \t\t <span class=\"ult_tab_section\">\n\t\t\t\t\t   \t\t\t<span  data-ultimate-target='#advanced-tabs-wrap-6566 .ult-span-text'  data-responsive-json-new='{\"font-size\":\"desktop:15px;\",\"line-height\":\"\"}'  class=\"ult-span-text no_icon ult_tab_display_text ult-responsive\" style=\";\">Bancs<\/span>\n\t\t\t\t\t   \t\t<\/span>\n\t\t\t\t\t\t<\/span>\n\t\t\t\t\t<\/a>\n\t\t\t\t\t<\/li><li class=\"ult_tab_li  \" data-iconcolor=\"#74777b\" data-iconhover=\"#ffffff\" style=\"background-color:#a8a7a7;border-color:transparent;border-width:0px;border-style:solid;\">\n\t\t\t\t\t<a href=\"#1709045910035-2-4\"  id=\"1709045910035-2-4\"  style=\"color:#ffffff;;   \" class=\"ult_a  \">\n\t\t\t\t\t     <span class=\"ult_tab_main Both \">\n\t\t\t\t\t \t\t <span class=\"ult_tab_section\">\n\t\t\t\t\t   \t\t\t<span  data-ultimate-target='#advanced-tabs-wrap-6566 .ult-span-text'  data-responsive-json-new='{\"font-size\":\"desktop:15px;\",\"line-height\":\"\"}'  class=\"ult-span-text no_icon ult_tab_display_text ult-responsive\" style=\";\">Jardinni\u00e8res<\/span>\n\t\t\t\t\t   \t\t<\/span>\n\t\t\t\t\t\t<\/span>\n\t\t\t\t\t<\/a>\n\t\t\t\t\t<\/li><li class=\"ult_tab_li  \" data-iconcolor=\"#74777b\" data-iconhover=\"#ffffff\" style=\"background-color:#a8a7a7;border-color:transparent;border-width:0px;border-style:solid;\">\n\t\t\t\t\t<a href=\"#1709046479521-3-10\"  id=\"1709046479521-3-10\"  style=\"color:#ffffff;;   \" class=\"ult_a  \">\n\t\t\t\t\t     <span class=\"ult_tab_main Both \">\n\t\t\t\t\t \t\t <span class=\"ult_tab_section\">\n\t\t\t\t\t   \t\t\t<span  data-ultimate-target='#advanced-tabs-wrap-6566 .ult-span-text'  data-responsive-json-new='{\"font-size\":\"desktop:15px;\",\"line-height\":\"\"}'  class=\"ult-span-text no_icon ult_tab_display_text ult-responsive\" style=\";\">Corbeilles<\/span>\n\t\t\t\t\t   \t\t<\/span>\n\t\t\t\t\t\t<\/span>\n\t\t\t\t\t<\/a>\n\t\t\t\t\t<\/li><li class=\"ult_tab_li  \" data-iconcolor=\"#74777b\" data-iconhover=\"#ffffff\" style=\"background-color:#a8a7a7;border-color:transparent;border-width:0px;border-style:solid;\">\n\t\t\t\t\t<a href=\"#1709046997525-4-7\"  id=\"1709046997525-4-7\"  style=\"color:#ffffff;;   \" class=\"ult_a  \">\n\t\t\t\t\t     <span class=\"ult_tab_main Both \">\n\t\t\t\t\t \t\t <span class=\"ult_tab_section\">\n\t\t\t\t\t   \t\t\t<span  data-ultimate-target='#advanced-tabs-wrap-6566 .ult-span-text'  data-responsive-json-new='{\"font-size\":\"desktop:15px;\",\"line-height\":\"\"}'  class=\"ult-span-text no_icon ult_tab_display_text ult-responsive\" style=\";\">Bornes<\/span>\n\t\t\t\t\t   \t\t<\/span>\n\t\t\t\t\t\t<\/span>\n\t\t\t\t\t<\/a>\n\t\t\t\t\t<\/li><li class=\"ult_tab_li  \" data-iconcolor=\"#74777b\" data-iconhover=\"#ffffff\" style=\"background-color:#a8a7a7;border-color:transparent;border-width:0px;border-style:solid;border-top-right-radius:8px;\">\n\t\t\t\t\t<a href=\"#1709047007279-5-9\"  id=\"1709047007279-5-9\"  style=\"color:#ffffff;;   \" class=\"ult_a  \">\n\t\t\t\t\t     <span class=\"ult_tab_main Both \">\n\t\t\t\t\t \t\t <span class=\"ult_tab_section\">\n\t\t\t\t\t   \t\t\t<span  data-ultimate-target='#advanced-tabs-wrap-6566 .ult-span-text'  data-responsive-json-new='{\"font-size\":\"desktop:15px;\",\"line-height\":\"\"}'  class=\"ult-span-text no_icon ult_tab_display_text ult-responsive\" style=\";\">Tables<\/span>\n\t\t\t\t\t   \t\t<\/span>\n\t\t\t\t\t\t<\/span>\n\t\t\t\t\t<\/a>\n\t\t\t\t\t<\/li><\/ul><div  data-ultimate-target='#advanced-tabs-desc-wrap-1816 .ult_tabcontent .ult_tab_min_contain  p'  data-responsive-json-new='{\"font-size\":\"\",\"line-height\":\"\"}' class=\"ult_tabcontent ult-responsive style1\" style=\"color:#74777b;\"><div class=\"ult_tab_min_contain \" >\n\t\t\t<div  class=\"ult_tabitemname\"  >\n\t\t\t\t[vc_column_text]<\/p>\n<h2>Poufe M\u00e9nara :<\/h2>\n<p>45 cm x 57,9 cm | 212 kg[\/vc_column_text][vc_row_inner equal_height=\u00a0\u00bbyes\u00a0\u00bb css=\u00a0\u00bb.vc_custom_1709112021597{border-top-width: 1px !important;border-right-width: 1px !important;border-bottom-width: 1px !important;border-left-width: 1px !important;border-left-color: #a8a7a7 !important;border-left-style: solid !important;border-right-color: #a8a7a7 !important;border-right-style: solid !important;border-top-color: #a8a7a7 !important;border-top-style: solid !important;border-bottom-color: #a8a7a7 !important;border-bottom-style: solid !important;border-radius: 15px !important;}\u00a0\u00bb el_class=\u00a0\u00bbseparator-border\u00a0\u00bb][vc_column_inner width=\u00a0\u00bb1\/2&Prime;][vc_single_image image=\u00a0\u00bb1168&Prime; img_size=\u00a0\u00bb300&#215;300&Prime; alignment=\u00a0\u00bbcenter\u00a0\u00bb][vc_column_text]C&rsquo;est une fusion harmonieuse entre la forme, la texture et la couleur. Ce si\u00e8ge, \u00e0 la fois organique et compact, se distingue par sa polyvalence multifonctionnelle. En r\u00e9alit\u00e9, il a le pouvoir de g\u00e9n\u00e9rer de nouveaux espaces, transformant l&rsquo;environnement qui l&rsquo;entoure.<br \/>\nSon utilisation est mall\u00e9able, s&rsquo;adaptant avec fluidit\u00e9 \u00e0 son contexte. Que ce soit dans une place publique, un jardin ext\u00e9rieur, ou au c\u0153ur d&rsquo;une aire de jeu, ce si\u00e8ge se m\u00e9tamorphose pour r\u00e9pondre aux besoins changeants de son environnement.[\/vc_column_text][\/vc_column_inner][vc_column_inner width=\u00a0\u00bb1\/2&Prime;][vc_column_text]<\/p>\n<h3>G\u00e9om\u00e9trie<\/h3>\n<p>[\/vc_column_text][vc_single_image image=\u00a0\u00bb353&Prime; img_size=\u00a0\u00bbfull\u00a0\u00bb alignment=\u00a0\u00bbcenter\u00a0\u00bb][vc_column_text]<\/p>\n<h3>Materiaux et aspects de personnalisation en option<\/h3>\n<p>[\/vc_column_text][vc_column_text el_class=\u00a0\u00bbmateriaux-pouffe-menara\u00a0\u00bb]<\/p>\n<ul>\n<li>Bois<\/li>\n<li class=\"empty\">Inox<\/li>\n<li class=\"empty\">Pvc<\/li>\n<li>Led<\/li>\n<li>Gravure \u2018\u2019 Logo \u2018\u2019<\/li>\n<\/ul>\n<p>[\/vc_column_text][vc_column_text]<\/p>\n<h3>Couleurs<\/h3>\n<p>[\/vc_column_text][vc_column_text el_class=\u00a0\u00bbcouleurs-pouffe-menara\u00a0\u00bb]<\/p>\n<ul>\n<li>Gris anthracite<\/li>\n<li class=\"empty\">Gris clair<\/li>\n<li class=\"empty\">Rouge Brique<\/li>\n<li>Beige<\/li>\n<li>Couleurs sp\u00e9cifiques sur commande<\/li>\n<\/ul>\n<p>[\/vc_column_text][vc_column_text]<\/p>\n<h3>Fiche technique<\/h3>\n<p>[\/vc_column_text][vc_single_image image=\u00a0\u00bb384&Prime; img_size=\u00a0\u00bbfull\u00a0\u00bb][vc_column_text]<\/p>\n<h3>Textures &amp; finitions<\/h3>\n<p>[\/vc_column_text][vc_column_text]<\/p>\n<h4>Aspect d\u00e9coratif : Perles d\u00e9coratives<\/h4>\n<p>[\/vc_column_text][vc_single_image image=\u00a0\u00bb1199&Prime; img_size=\u00a0\u00bb500&#215;71&Prime;][vc_column_text]<\/p>\n<h4>Aspect poli<\/h4>\n<p>[\/vc_column_text][vc_single_image image=\u00a0\u00bb1197&Prime; img_size=\u00a0\u00bb200&#215;89&Prime;][vc_single_image image=\u00a0\u00bb1196&Prime; img_size=\u00a0\u00bbfull\u00a0\u00bb el_class=\u00a0\u00bbrevetium-img-final\u00a0\u00bb][\/vc_column_inner][\/vc_row_inner][vc_column_text]<\/p>\n<h2>Pouf Socrate :<\/h2>\n<p>50 cm x 50 cm | 260 kg[\/vc_column_text][vc_row_inner equal_height=\u00a0\u00bbyes\u00a0\u00bb css=\u00a0\u00bb.vc_custom_1709112033061{border-top-width: 1px !important;border-right-width: 1px !important;border-left-width: 1px !important;border-left-color: #a8a7a7 !important;border-left-style: solid !important;border-right-color: #a8a7a7 !important;border-right-style: solid !important;border-top-color: #a8a7a7 !important;border-top-style: solid !important;border-radius: 15px !important;}\u00a0\u00bb el_class=\u00a0\u00bbseparator-border\u00a0\u00bb][vc_column_inner width=\u00a0\u00bb1\/2&Prime;][vc_single_image image=\u00a0\u00bb1171&Prime; img_size=\u00a0\u00bb300&#215;300&Prime; alignment=\u00a0\u00bbcenter\u00a0\u00bb][vc_single_image image=\u00a0\u00bb1170&Prime; img_size=\u00a0\u00bb300&#215;300&Prime; alignment=\u00a0\u00bbcenter\u00a0\u00bb][vc_column_text]Le pouf Socrate en b\u00e9ton est une pi\u00e8ce conjuguant avec succ\u00e8s fonctionnalit\u00e9 et esth\u00e9tique contemporaine, apportant ainsi une touche polyvalente et robuste \u00e0 votre espace de vie ou de d\u00e9tente. Son design moderne offre non seulement une esth\u00e9tique \u00e9l\u00e9gante, mais \u00e9galement une praticit\u00e9 adapt\u00e9e \u00e0 divers usages.<\/p>\n<p>Son esth\u00e9tique moderne compl\u00e8te harmonieusement diff\u00e9rents styles de d\u2019am\u00e9nagement urbain, apportant une note contemporaine \u00e0 votre ext\u00e9rieur.[\/vc_column_text][\/vc_column_inner][vc_column_inner width=\u00a0\u00bb1\/2&Prime;][vc_column_text]<\/p>\n<h3>G\u00e9om\u00e9trie<\/h3>\n<p>[\/vc_column_text][vc_single_image image=\u00a0\u00bb379&Prime; img_size=\u00a0\u00bbfull\u00a0\u00bb alignment=\u00a0\u00bbcenter\u00a0\u00bb][vc_column_text]<\/p>\n<h3>Materiaux et aspects de personnalisation en option<\/h3>\n<p>[\/vc_column_text][vc_column_text el_class=\u00a0\u00bbmateriaux-pouffe-menara\u00a0\u00bb]<\/p>\n<ul>\n<li>Bois<\/li>\n<li class=\"empty\">Inox<\/li>\n<li class=\"empty\">Pvc<\/li>\n<li>Led<\/li>\n<li>Gravure \u2018\u2019 Logo \u2018\u2019<\/li>\n<\/ul>\n<p>[\/vc_column_text][vc_column_text]<\/p>\n<h3>Couleurs<\/h3>\n<p>[\/vc_column_text][vc_column_text el_class=\u00a0\u00bbcouleurs-pouffe-menara\u00a0\u00bb]<\/p>\n<ul>\n<li>Gris anthracite<\/li>\n<li class=\"empty\">Gris clair<\/li>\n<li class=\"empty\">Rouge Brique<\/li>\n<li>Beige<\/li>\n<li>Couleurs sp\u00e9cifiques sur commande<\/li>\n<\/ul>\n<p>[\/vc_column_text][vc_column_text]<\/p>\n<h3>Fiche technique<\/h3>\n<p>[\/vc_column_text][vc_single_image image=\u00a0\u00bb383&Prime; img_size=\u00a0\u00bbfull\u00a0\u00bb][vc_column_text]<\/p>\n<h3>Textures &amp; finitions<\/h3>\n<p>[\/vc_column_text][vc_column_text]<\/p>\n<h4>Aspect d\u00e9coratif : Perles d\u00e9coratives<\/h4>\n<p>[\/vc_column_text][vc_single_image image=\u00a0\u00bb372&Prime; img_size=\u00a0\u00bb500&#215;71&Prime;][vc_column_text]<\/p>\n<h4>Aspect poli<\/h4>\n<p>[\/vc_column_text][vc_single_image image=\u00a0\u00bb373&Prime; img_size=\u00a0\u00bb200&#215;89&Prime;][vc_single_image image=\u00a0\u00bb1201&Prime; img_size=\u00a0\u00bbfull\u00a0\u00bb el_class=\u00a0\u00bbrevetium-img-final\u00a0\u00bb][\/vc_column_inner][\/vc_row_inner][vc_column_text]<\/p>\n<h2>Pouf rectangulaire :<\/h2>\n<p>100 cm x 45 cm x 45 cm | 400 kg[\/vc_column_text][vc_row_inner equal_height=\u00a0\u00bbyes\u00a0\u00bb css=\u00a0\u00bb.vc_custom_1709112039612{border-top-width: 1px !important;border-right-width: 1px !important;border-bottom-width: 1px !important;border-left-width: 1px !important;border-left-color: #a8a7a7 !important;border-right-color: #a8a7a7 !important;border-top-color: #a8a7a7 !important;border-bottom-color: #a8a7a7 !important;}\u00a0\u00bb el_class=\u00a0\u00bbseparator-border\u00a0\u00bb][vc_column_inner width=\u00a0\u00bb1\/2&Prime;][vc_single_image image=\u00a0\u00bb1173&Prime; img_size=\u00a0\u00bb300&#215;374&Prime; alignment=\u00a0\u00bbcenter\u00a0\u00bb][vc_column_text]Au-del\u00e0 de son design moderne, le pouf rectangulaire en b\u00e9ton architectonique se caract\u00e9rise par sa robustesse inh\u00e9rente. Con\u00e7u \u00e0 partir d&rsquo;un mat\u00e9riau solide, il offre une r\u00e9sistance exceptionnelle, assurant ainsi une durabilit\u00e9 \u00e0 long terme. Cette propri\u00e9t\u00e9 en fait un choix fiable, capable de r\u00e9sister aux exigences de l&rsquo;utilisation quotidienne tout en pr\u00e9servant son \u00e9l\u00e9gance.<\/p>\n<p>Cet objet contemporain va au-del\u00e0 de sa simple utilit\u00e9 pour devenir une v\u00e9ritable expression de votre style et de votre engagement envers l&rsquo;esth\u00e9tique moderne et la qualit\u00e9 durable.[\/vc_column_text][\/vc_column_inner][vc_column_inner width=\u00a0\u00bb1\/2&Prime;][vc_column_text]<\/p>\n<h3>G\u00e9om\u00e9trie<\/h3>\n<p>[\/vc_column_text][vc_single_image image=\u00a0\u00bb388&Prime; img_size=\u00a0\u00bbfull\u00a0\u00bb alignment=\u00a0\u00bbcenter\u00a0\u00bb][vc_column_text]<\/p>\n<h3>Materiaux et aspects de personnalisation en option<\/h3>\n<p>[\/vc_column_text][vc_column_text el_class=\u00a0\u00bbmateriaux-pouffe-menara\u00a0\u00bb]<\/p>\n<ul>\n<li>Bois<\/li>\n<li class=\"empty\">Inox<\/li>\n<li class=\"empty\">Pvc<\/li>\n<li>Led<\/li>\n<li>Gravure \u2018\u2019 Logo \u2018\u2019<\/li>\n<\/ul>\n<p>[\/vc_column_text][vc_column_text]<\/p>\n<h3>Couleurs<\/h3>\n<p>[\/vc_column_text][vc_column_text el_class=\u00a0\u00bbcouleurs-pouffe-menara\u00a0\u00bb]<\/p>\n<ul>\n<li>Gris anthracite<\/li>\n<li class=\"empty\">Gris clair<\/li>\n<li class=\"empty\">Rouge Brique<\/li>\n<li>Beige<\/li>\n<li>Couleurs sp\u00e9cifiques sur commande<\/li>\n<\/ul>\n<p>[\/vc_column_text][vc_column_text]<\/p>\n<h3>Fiche technique<\/h3>\n<p>[\/vc_column_text][vc_single_image image=\u00a0\u00bb389&Prime; img_size=\u00a0\u00bbfull\u00a0\u00bb][vc_column_text]<\/p>\n<h3>Textures &amp; finitions<\/h3>\n<p>[\/vc_column_text][vc_column_text]<\/p>\n<h4>Aspect d\u00e9coratif : Perles d\u00e9coratives<\/h4>\n<p>[\/vc_column_text][vc_single_image image=\u00a0\u00bb372&Prime; img_size=\u00a0\u00bb500&#215;71&Prime;][vc_column_text]<\/p>\n<h4>Aspect poli<\/h4>\n<p>[\/vc_column_text][vc_single_image image=\u00a0\u00bb373&Prime; img_size=\u00a0\u00bb200&#215;89&Prime;][vc_single_image image=\u00a0\u00bb1202&Prime; img_size=\u00a0\u00bbfull\u00a0\u00bb el_class=\u00a0\u00bbrevetium-img-final\u00a0\u00bb][\/vc_column_inner][\/vc_row_inner][vc_column_text]<\/p>\n<h2>Pouf Cylindrique :<\/h2>\n<p>45 cm x 45 cm | 250 kg[\/vc_column_text][vc_row_inner equal_height=\u00a0\u00bbyes\u00a0\u00bb css=\u00a0\u00bb.vc_custom_1709112048569{border-top-width: 1px !important;border-right-width: 1px !important;border-bottom-width: 1px !important;border-left-width: 1px !important;border-left-color: #a8a7a7 !important;border-left-style: solid !important;border-right-color: #a8a7a7 !important;border-right-style: solid !important;border-top-color: #a8a7a7 !important;border-top-style: solid !important;border-bottom-color: #a8a7a7 !important;border-bottom-style: solid !important;border-radius: 15px !important;}\u00a0\u00bb el_class=\u00a0\u00bbseparator-border\u00a0\u00bb][vc_column_inner width=\u00a0\u00bb1\/2&Prime;][vc_single_image image=\u00a0\u00bb1174&Prime; img_size=\u00a0\u00bb300&#215;300&Prime; alignment=\u00a0\u00bbcenter\u00a0\u00bb][vc_column_text]Le Pouf cylindrique en b\u00e9ton architectonique que nous proposons constitue une solution id\u00e9ale pour les espaces ext\u00e9rieurs. Alliant durabilit\u00e9 et \u00e9l\u00e9gance, ce mod\u00e8le a \u00e9t\u00e9 sp\u00e9cialement con\u00e7u pour s&rsquo;int\u00e9grer de mani\u00e8re esth\u00e9tique et discr\u00e8te au sol.<\/p>\n<p>Sa robustesse inh\u00e9rente en fait un choix id\u00e9al pour les environnements ext\u00e9rieurs, o\u00f9 il est expos\u00e9 aux \u00e9l\u00e9ments naturels. Le mat\u00e9riau durable utilis\u00e9 dans sa fabrication assure une r\u00e9sistance exceptionnelle aux conditions climatiques vari\u00e9es, garantissant ainsi sa long\u00e9vit\u00e9 dans le temps.[\/vc_column_text][\/vc_column_inner][vc_column_inner width=\u00a0\u00bb1\/2&Prime;][vc_column_text]<\/p>\n<h3>G\u00e9om\u00e9trie<\/h3>\n<p>[\/vc_column_text][vc_single_image image=\u00a0\u00bb394&Prime; img_size=\u00a0\u00bbfull\u00a0\u00bb alignment=\u00a0\u00bbcenter\u00a0\u00bb][vc_column_text]<\/p>\n<h3>Materiaux et aspects de personnalisation en option<\/h3>\n<p>[\/vc_column_text][vc_column_text el_class=\u00a0\u00bbmateriaux-pouffe-menara\u00a0\u00bb]<\/p>\n<ul>\n<li>Bois<\/li>\n<li class=\"empty\">Inox<\/li>\n<li class=\"empty\">Pvc<\/li>\n<li>Led<\/li>\n<li>Gravure \u2018\u2019 Logo \u2018\u2019<\/li>\n<\/ul>\n<p>[\/vc_column_text][vc_column_text]<\/p>\n<h3>Couleurs<\/h3>\n<p>[\/vc_column_text][vc_column_text el_class=\u00a0\u00bbcouleurs-pouffe-menara\u00a0\u00bb]<\/p>\n<ul>\n<li>Gris anthracite<\/li>\n<li class=\"empty\">Gris clair<\/li>\n<li class=\"empty\">Rouge Brique<\/li>\n<li>Beige<\/li>\n<li>Couleurs sp\u00e9cifiques sur commande<\/li>\n<\/ul>\n<p>[\/vc_column_text][vc_column_text]<\/p>\n<h3>Fiche technique<\/h3>\n<p>[\/vc_column_text][vc_single_image image=\u00a0\u00bb395&Prime; img_size=\u00a0\u00bbfull\u00a0\u00bb][vc_column_text]<\/p>\n<h3>Textures &amp; finitions<\/h3>\n<p>[\/vc_column_text][vc_column_text]<\/p>\n<h4>Aspect d\u00e9coratif : Perles d\u00e9coratives<\/h4>\n<p>[\/vc_column_text][vc_single_image image=\u00a0\u00bb372&Prime; img_size=\u00a0\u00bb500&#215;71&Prime;][vc_column_text]<\/p>\n<h4>Aspect poli<\/h4>\n<p>[\/vc_column_text][vc_single_image image=\u00a0\u00bb373&Prime; img_size=\u00a0\u00bb200&#215;89&Prime;][vc_single_image image=\u00a0\u00bb1203&Prime; img_size=\u00a0\u00bbfull\u00a0\u00bb el_class=\u00a0\u00bbrevetium-img-final\u00a0\u00bb][\/vc_column_inner][\/vc_row_inner]\n\t\t\t<\/div>\n\t\t\t<div  class=\"ult_tabitemname\"  >\n\t\t\t\t[vc_column_text]<\/p>\n<h2>Banc Socrate :<\/h2>\n<p>200 cm x 50 cm x 45 cm | 1040 kg[\/vc_column_text][vc_row_inner equal_height=\u00a0\u00bbyes\u00a0\u00bb css=\u00a0\u00bb.vc_custom_1709112057845{border-top-width: 1px !important;border-right-width: 1px !important;border-bottom-width: 1px !important;border-left-width: 1px !important;border-left-color: #a8a7a7 !important;border-right-color: #a8a7a7 !important;border-top-color: #a8a7a7 !important;border-bottom-color: #a8a7a7 !important;}\u00a0\u00bb el_class=\u00a0\u00bbseparator-border\u00a0\u00bb][vc_column_inner width=\u00a0\u00bb1\/2&Prime;][vc_single_image image=\u00a0\u00bb1177&Prime; img_size=\u00a0\u00bb300&#215;129&Prime; alignment=\u00a0\u00bbcenter\u00a0\u00bb][vc_column_text]Le banc Socrate Massif se distingue par sa conception singuli\u00e8re, adoptant la forme d&rsquo;un banc pos\u00e9. Sa structure monolithique, d&rsquo;une solidit\u00e9 in\u00e9branlable, se pr\u00e9sente sous la forme d&rsquo;un parall\u00e9l\u00e9pip\u00e8de. Chaque d\u00e9tail a fait l&rsquo;objet d&rsquo;une attention m\u00e9ticuleuse : les ar\u00eates et les coins sont d\u00e9licatement arrondis, offrant une surface d&rsquo;assise o\u00f9 chaque point pr\u00e9sente un rayon de courbure uniforme.<\/p>\n<p>Cette caract\u00e9ristique conf\u00e8re au banc non seulement une esth\u00e9tique soign\u00e9e, mais \u00e9galement une ergonomie qui assure un confort optimal \u00e0 ceux qui s&rsquo;y installent. Chaque aspect du design du banc Socrate Massif t\u00e9moigne d&rsquo;un \u00e9quilibre entre la robustesse de sa structure et le souci du d\u00e9tail pour cr\u00e9er une pi\u00e8ce aussi fonctionnelle qu&rsquo;\u00e9l\u00e9gante.[\/vc_column_text][\/vc_column_inner][vc_column_inner width=\u00a0\u00bb1\/2&Prime;][vc_column_text]<\/p>\n<h3>G\u00e9om\u00e9trie<\/h3>\n<p>[\/vc_column_text][vc_single_image image=\u00a0\u00bb404&Prime; img_size=\u00a0\u00bbfull\u00a0\u00bb alignment=\u00a0\u00bbcenter\u00a0\u00bb][vc_column_text]<\/p>\n<h3>Materiaux et aspects de personnalisation en option<\/h3>\n<p>[\/vc_column_text][vc_column_text el_class=\u00a0\u00bbmateriaux-pouffe-menara\u00a0\u00bb]<\/p>\n<ul>\n<li>Bois<\/li>\n<li class=\"empty\">Inox<\/li>\n<li class=\"empty\">Pvc<\/li>\n<li>Led<\/li>\n<li>Gravure \u2018\u2019 Logo \u2018\u2019<\/li>\n<\/ul>\n<p>[\/vc_column_text][vc_column_text]<\/p>\n<h3>Couleurs<\/h3>\n<p>[\/vc_column_text][vc_column_text el_class=\u00a0\u00bbcouleurs-pouffe-menara\u00a0\u00bb]<\/p>\n<ul>\n<li>Gris anthracite<\/li>\n<li class=\"empty\">Gris clair<\/li>\n<li class=\"empty\">Rouge Brique<\/li>\n<li>Beige<\/li>\n<li>Couleurs sp\u00e9cifiques sur commande<\/li>\n<\/ul>\n<p>[\/vc_column_text][vc_column_text]<\/p>\n<h3>Fiche technique<\/h3>\n<p>[\/vc_column_text][vc_single_image image=\u00a0\u00bb405&Prime; img_size=\u00a0\u00bbfull\u00a0\u00bb][vc_column_text]<\/p>\n<h3>Textures &amp; finitions<\/h3>\n<p>[\/vc_column_text][vc_column_text]<\/p>\n<h4>Aspect d\u00e9coratif : Perles d\u00e9coratives<\/h4>\n<p>[\/vc_column_text][vc_single_image image=\u00a0\u00bb372&Prime; img_size=\u00a0\u00bb500&#215;71&Prime;][vc_column_text]<\/p>\n<h4>Aspect poli<\/h4>\n<p>[\/vc_column_text][vc_single_image image=\u00a0\u00bb373&Prime; img_size=\u00a0\u00bb200&#215;89&Prime;][vc_single_image image=\u00a0\u00bb406&Prime; img_size=\u00a0\u00bbfull\u00a0\u00bb el_class=\u00a0\u00bbrevetium-img-final\u00a0\u00bb][\/vc_column_inner][\/vc_row_inner][vc_column_text]<\/p>\n<h2>Banc en U :<\/h2>\n<p>200 cm x 50 cm x 45 cm | 340 kg[\/vc_column_text][vc_row_inner equal_height=\u00a0\u00bbyes\u00a0\u00bb el_class=\u00a0\u00bbseparator-border\u00a0\u00bb][vc_column_inner width=\u00a0\u00bb1\/2&Prime;][vc_single_image image=\u00a0\u00bb1176&Prime; img_size=\u00a0\u00bb300&#215;101&Prime; alignment=\u00a0\u00bbcenter\u00a0\u00bb][vc_column_text]Le banc en U \u00e9merge comme une composante distinctive du mobilier urbain, apportant une fusion ing\u00e9nieuse de praticit\u00e9 et d&rsquo;esth\u00e9tisme aux espaces publics. Sa conception soigneusement \u00e9labor\u00e9e int\u00e8gre une structure en b\u00e9ton qui adopte une configuration en forme de U, conf\u00e9rant ainsi une identit\u00e9 visuelle remarquable \u00e0 son environnement.<\/p>\n<p>Cette pi\u00e8ce de mobilier urbain ne se limite pas simplement \u00e0 fournir un espace d&rsquo;assise fonctionnel, mais elle repr\u00e9sente \u00e9galement une d\u00e9claration architecturale. La courbe gracieuse du banc en U n&rsquo;est pas seulement esth\u00e9tiquement plaisante, mais elle s&rsquo;harmonise \u00e9galement avec les lignes modernes de l&rsquo;architecture urbaine. Cette int\u00e9gration subtile dans le paysage urbain contribue \u00e0 cr\u00e9er un espace public o\u00f9 l&rsquo;esth\u00e9tique et la fonctionnalit\u00e9 coexistent de mani\u00e8re harmonieuse.[\/vc_column_text][\/vc_column_inner][vc_column_inner width=\u00a0\u00bb1\/2&Prime;][vc_column_text]<\/p>\n<h3>G\u00e9om\u00e9trie<\/h3>\n<p>[\/vc_column_text][vc_single_image image=\u00a0\u00bb408&Prime; img_size=\u00a0\u00bbfull\u00a0\u00bb alignment=\u00a0\u00bbcenter\u00a0\u00bb][vc_column_text]<\/p>\n<h3>Materiaux et aspects de personnalisation en option<\/h3>\n<p>[\/vc_column_text][vc_column_text el_class=\u00a0\u00bbmateriaux-pouffe-menara\u00a0\u00bb]<\/p>\n<ul>\n<li>Bois<\/li>\n<li class=\"empty\">Inox<\/li>\n<li class=\"empty\">Pvc<\/li>\n<li>Led<\/li>\n<li>Gravure \u2018\u2019 Logo \u2018\u2019<\/li>\n<\/ul>\n<p>[\/vc_column_text][vc_column_text]<\/p>\n<h3>Couleurs<\/h3>\n<p>[\/vc_column_text][vc_column_text el_class=\u00a0\u00bbcouleurs-pouffe-menara\u00a0\u00bb]<\/p>\n<ul>\n<li>Gris anthracite<\/li>\n<li class=\"empty\">Gris clair<\/li>\n<li class=\"empty\">Rouge Brique<\/li>\n<li>Beige<\/li>\n<li>Couleurs sp\u00e9cifiques sur commande<\/li>\n<\/ul>\n<p>[\/vc_column_text][vc_column_text]<\/p>\n<h3>Fiche technique<\/h3>\n<p>[\/vc_column_text][vc_single_image image=\u00a0\u00bb409&Prime; img_size=\u00a0\u00bbfull\u00a0\u00bb][vc_column_text]<\/p>\n<h3>Textures &amp; finitions<\/h3>\n<p>[\/vc_column_text][vc_column_text]<\/p>\n<h4>Aspect d\u00e9coratif : Perles d\u00e9coratives<\/h4>\n<p>[\/vc_column_text][vc_single_image image=\u00a0\u00bb372&Prime; img_size=\u00a0\u00bb500&#215;71&Prime;][vc_column_text]<\/p>\n<h4>Aspect poli<\/h4>\n<p>[\/vc_column_text][vc_single_image image=\u00a0\u00bb373&Prime; img_size=\u00a0\u00bb200&#215;89&Prime;][vc_single_image image=\u00a0\u00bb1204&Prime; img_size=\u00a0\u00bbfull\u00a0\u00bb el_class=\u00a0\u00bbrevetium-img-final\u00a0\u00bb][\/vc_column_inner][\/vc_row_inner][vc_column_text]<\/p>\n<h2>Banc Woodstone :<\/h2>\n<p>200 cm x 40 cm x 45 cm | 520 kg[\/vc_column_text][vc_row_inner equal_height=\u00a0\u00bbyes\u00a0\u00bb el_class=\u00a0\u00bbseparator-border\u00a0\u00bb][vc_column_inner width=\u00a0\u00bb1\/2&Prime;][vc_single_image image=\u00a0\u00bb412&Prime; img_size=\u00a0\u00bb300&#215;65&Prime; alignment=\u00a0\u00bbcenter\u00a0\u00bb][vc_column_text]Le banc, con\u00e7u avec une structure en b\u00e9ton massif et une assise en bois, incarne l&rsquo;exemplarit\u00e9 d&rsquo;un meuble \u00e0 la fois robuste et esth\u00e9tiquement attrayant. Cette pi\u00e8ce unique r\u00e9sulte d&rsquo;une fusion minutieuse entre la solidit\u00e9 intrins\u00e8que du b\u00e9ton et la chaleur, ainsi que la beaut\u00e9 naturelle inimitable du bois.<\/p>\n<p>Au-del\u00e0 de sa fonction utilitaire, ce banc devient ainsi une pi\u00e8ce ma\u00eetresse dans tout environnement, que ce soit dans un jardin, sur une terrasse, ou m\u00eame \u00e0 l&rsquo;int\u00e9rieur d&rsquo;un espace moderne. Son design soigneusement \u00e9tudi\u00e9 r\u00e9unit les aspects pratiques et esth\u00e9tiques, offrant un \u00e9quilibre parfait entre la force brute du b\u00e9ton et la d\u00e9licatesse naturelle du bois. En somme, ce meuble repr\u00e9sente une fusion r\u00e9ussie de la forme et de la fonction, ajoutant une note distinctive et raffin\u00e9e \u00e0 tout espace o\u00f9 il trouve sa place.[\/vc_column_text][\/vc_column_inner][vc_column_inner width=\u00a0\u00bb1\/2&Prime;][vc_column_text]<\/p>\n<h3>G\u00e9om\u00e9trie<\/h3>\n<p>[\/vc_column_text][vc_single_image image=\u00a0\u00bb413&Prime; img_size=\u00a0\u00bbfull\u00a0\u00bb alignment=\u00a0\u00bbcenter\u00a0\u00bb][vc_column_text]<\/p>\n<h3>Materiaux et aspects de personnalisation en option<\/h3>\n<p>[\/vc_column_text][vc_column_text el_class=\u00a0\u00bbmateriaux-pouffe-menara\u00a0\u00bb]<\/p>\n<ul>\n<li>Bois<\/li>\n<li class=\"empty\">Inox<\/li>\n<li class=\"empty\">Pvc<\/li>\n<li>Led<\/li>\n<li>Gravure \u2018\u2019 Logo \u2018\u2019<\/li>\n<\/ul>\n<p>[\/vc_column_text][vc_column_text]<\/p>\n<h3>Couleurs<\/h3>\n<p>[\/vc_column_text][vc_column_text el_class=\u00a0\u00bbcouleurs-pouffe-menara\u00a0\u00bb]<\/p>\n<ul>\n<li>Gris anthracite<\/li>\n<li class=\"empty\">Gris clair<\/li>\n<li class=\"empty\">Rouge Brique<\/li>\n<li>Beige<\/li>\n<li>Couleurs sp\u00e9cifiques sur commande<\/li>\n<\/ul>\n<p>[\/vc_column_text][vc_column_text]<\/p>\n<h3>Fiche technique<\/h3>\n<p>[\/vc_column_text][vc_single_image image=\u00a0\u00bb414&Prime; img_size=\u00a0\u00bbfull\u00a0\u00bb][vc_column_text]<\/p>\n<h3>Textures &amp; finitions<\/h3>\n<p>[\/vc_column_text][vc_column_text]<\/p>\n<h4>Aspect d\u00e9coratif : Perles d\u00e9coratives<\/h4>\n<p>[\/vc_column_text][vc_single_image image=\u00a0\u00bb372&Prime; img_size=\u00a0\u00bb500&#215;71&Prime;][vc_column_text]<\/p>\n<h4>Aspect poli<\/h4>\n<p>[\/vc_column_text][vc_single_image image=\u00a0\u00bb373&Prime; img_size=\u00a0\u00bb200&#215;89&Prime;][vc_single_image image=\u00a0\u00bb1205&Prime; img_size=\u00a0\u00bbfull\u00a0\u00bb el_class=\u00a0\u00bbrevetium-img-final\u00a0\u00bb][\/vc_column_inner][\/vc_row_inner][vc_column_text]<\/p>\n<h2>Banc Galet :<\/h2>\n<p>130 cm x 130 cm x 35 cm | 1000 kg[\/vc_column_text][vc_row_inner equal_height=\u00a0\u00bbyes\u00a0\u00bb el_class=\u00a0\u00bbseparator-border\u00a0\u00bb][vc_column_inner width=\u00a0\u00bb1\/2&Prime;][vc_single_image image=\u00a0\u00bb1178&Prime; img_size=\u00a0\u00bb300&#215;135&Prime; alignment=\u00a0\u00bbcenter\u00a0\u00bb][vc_column_text]Le banc galet en b\u00e9ton repr\u00e9sente une pi\u00e8ce exceptionnelle de mobilier urbain qui r\u00e9ussit \u00e0 fusionner de mani\u00e8re \u00e9quilibr\u00e9e fonctionnalit\u00e9 pratique et esth\u00e9tisme organique. Sa conception, puisant son inspiration dans les formes naturelles des galets, s&rsquo;\u00e9l\u00e8ve au-del\u00e0 de la simple utilit\u00e9 pour devenir une v\u00e9ritable \u0153uvre d&rsquo;art qui apporte une dimension distinctive \u00e0 tout environnement urbain.<\/p>\n<p>Ce banc, par sa forme ergonomique, offre une assise d&rsquo;un confort remarquable, invitant les passants \u00e0 s&rsquo;y d\u00e9tendre et \u00e0 profiter du paysage urbain qui l&rsquo;entoure. La mat\u00e9rialit\u00e9 robuste du b\u00e9ton, alli\u00e9e \u00e0 la douceur des lignes \u00e9pur\u00e9es du design, cr\u00e9e une symbiose visuelle captivante. Chaque d\u00e9tail du banc galet semble \u00eatre m\u00e9ticuleusement pens\u00e9 pour \u00e9voquer l&rsquo;authenticit\u00e9 et la simplicit\u00e9 de la nature, tout en s&rsquo;int\u00e9grant harmonieusement \u00e0 l&rsquo;architecture moderne et \u00e0 l&rsquo;urbanisme contemporain.[\/vc_column_text][\/vc_column_inner][vc_column_inner width=\u00a0\u00bb1\/2&Prime;][vc_column_text]<\/p>\n<h3>G\u00e9om\u00e9trie<\/h3>\n<p>[\/vc_column_text][vc_single_image image=\u00a0\u00bb419&Prime; img_size=\u00a0\u00bbfull\u00a0\u00bb alignment=\u00a0\u00bbcenter\u00a0\u00bb][vc_column_text]<\/p>\n<h3>Materiaux et aspects de personnalisation en option<\/h3>\n<p>[\/vc_column_text][vc_column_text el_class=\u00a0\u00bbmateriaux-pouffe-menara\u00a0\u00bb]<\/p>\n<ul>\n<li>Bois<\/li>\n<li class=\"empty\">Inox<\/li>\n<li class=\"empty\">Pvc<\/li>\n<li>Led<\/li>\n<li>Gravure \u2018\u2019 Logo \u2018\u2019<\/li>\n<\/ul>\n<p>[\/vc_column_text][vc_column_text]<\/p>\n<h3>Couleurs<\/h3>\n<p>[\/vc_column_text][vc_column_text el_class=\u00a0\u00bbcouleurs-pouffe-menara\u00a0\u00bb]<\/p>\n<ul>\n<li>Gris anthracite<\/li>\n<li class=\"empty\">Gris clair<\/li>\n<li class=\"empty\">Rouge Brique<\/li>\n<li>Beige<\/li>\n<li>Couleurs sp\u00e9cifiques sur commande<\/li>\n<\/ul>\n<p>[\/vc_column_text][vc_column_text]<\/p>\n<h3>Fiche technique<\/h3>\n<p>[\/vc_column_text][vc_single_image image=\u00a0\u00bb418&Prime; img_size=\u00a0\u00bbfull\u00a0\u00bb][vc_column_text]<\/p>\n<h3>Textures &amp; finitions<\/h3>\n<p>[\/vc_column_text][vc_column_text]<\/p>\n<h4>Aspect d\u00e9coratif : Perles d\u00e9coratives<\/h4>\n<p>[\/vc_column_text][vc_single_image image=\u00a0\u00bb372&Prime; img_size=\u00a0\u00bb500&#215;71&Prime;][vc_column_text]<\/p>\n<h4>Aspect poli<\/h4>\n<p>[\/vc_column_text][vc_single_image image=\u00a0\u00bb373&Prime; img_size=\u00a0\u00bb200&#215;89&Prime;][vc_single_image image=\u00a0\u00bb1206&Prime; img_size=\u00a0\u00bbfull\u00a0\u00bb el_class=\u00a0\u00bbrevetium-img-final\u00a0\u00bb][\/vc_column_inner][\/vc_row_inner][vc_column_text]<\/p>\n<h2>Banc Massif avec assise en bois :<\/h2>\n<p>240 cm x 60 cm x 45 cm | 1560 kg[\/vc_column_text][vc_row_inner equal_height=\u00a0\u00bbyes\u00a0\u00bb el_class=\u00a0\u00bbseparator-border\u00a0\u00bb][vc_column_inner width=\u00a0\u00bb1\/2&Prime;][vc_single_image image=\u00a0\u00bb1180&Prime; img_size=\u00a0\u00bb300&#215;87&Prime; alignment=\u00a0\u00bbcenter\u00a0\u00bb][vc_column_text]Le banc constitu\u00e9 d&rsquo;une structure en b\u00e9ton massif et d&rsquo;une assise en bois repr\u00e9sente un mobilier \u00e0 la fois r\u00e9sistant et esth\u00e9tiquement agr\u00e9able, fusionnant la robustesse inh\u00e9rente au mat\u00e9riau en b\u00e9ton avec la chaleur et la beaut\u00e9 naturelle du bois.<\/p>\n<p>Cette conception allie les propri\u00e9t\u00e9s m\u00e9caniques avantageuses du b\u00e9ton, assurant une durabilit\u00e9 exceptionnelle, avec l&rsquo;attrait visuel et sensoriel du bois, cr\u00e9ant ainsi un \u00e9quilibre harmonieux entre fonctionnalit\u00e9 et esth\u00e9tique. La juxtaposition de ces mat\u00e9riaux distincts offre non seulement une solution de mobilier durable, mais \u00e9galement une expression artistique qui s&rsquo;int\u00e8gre de mani\u00e8re \u00e9l\u00e9gante dans divers environnements ext\u00e9rieurs.[\/vc_column_text][\/vc_column_inner][vc_column_inner width=\u00a0\u00bb1\/2&Prime;][vc_column_text]<\/p>\n<h3>G\u00e9om\u00e9trie<\/h3>\n<p>[\/vc_column_text][vc_single_image image=\u00a0\u00bb423&Prime; img_size=\u00a0\u00bbfull\u00a0\u00bb alignment=\u00a0\u00bbcenter\u00a0\u00bb][vc_column_text]<\/p>\n<h3>Materiaux et aspects de personnalisation en option<\/h3>\n<p>[\/vc_column_text][vc_column_text el_class=\u00a0\u00bbmateriaux-pouffe-menara\u00a0\u00bb]<\/p>\n<ul>\n<li>Bois<\/li>\n<li class=\"empty\">Inox<\/li>\n<li class=\"empty\">Pvc<\/li>\n<li>Led<\/li>\n<li>Gravure \u2018\u2019 Logo \u2018\u2019<\/li>\n<\/ul>\n<p>[\/vc_column_text][vc_column_text]<\/p>\n<h3>Couleurs<\/h3>\n<p>[\/vc_column_text][vc_column_text el_class=\u00a0\u00bbcouleurs-pouffe-menara\u00a0\u00bb]<\/p>\n<ul>\n<li>Gris anthracite<\/li>\n<li class=\"empty\">Gris clair<\/li>\n<li class=\"empty\">Rouge Brique<\/li>\n<li>Beige<\/li>\n<li>Couleurs sp\u00e9cifiques sur commande<\/li>\n<\/ul>\n<p>[\/vc_column_text][vc_column_text]<\/p>\n<h3>Fiche technique<\/h3>\n<p>[\/vc_column_text][vc_single_image image=\u00a0\u00bb422&Prime; img_size=\u00a0\u00bbfull\u00a0\u00bb][vc_column_text]<\/p>\n<h3>Textures &amp; finitions<\/h3>\n<p>[\/vc_column_text][vc_column_text]<\/p>\n<h4>Aspect d\u00e9coratif : Perles d\u00e9coratives<\/h4>\n<p>[\/vc_column_text][vc_single_image image=\u00a0\u00bb372&Prime; img_size=\u00a0\u00bb500&#215;71&Prime;][vc_column_text]<\/p>\n<h4>Aspect poli<\/h4>\n<p>[\/vc_column_text][vc_single_image image=\u00a0\u00bb373&Prime; img_size=\u00a0\u00bb200&#215;89&Prime;][vc_single_image image=\u00a0\u00bb1207&Prime; img_size=\u00a0\u00bbfull\u00a0\u00bb el_class=\u00a0\u00bbrevetium-img-final\u00a0\u00bb][\/vc_column_inner][\/vc_row_inner][vc_column_text]<\/p>\n<h2>Banc Vague :<\/h2>\n<p>126 cm x 45 cm x 45 cm | 600 kg[\/vc_column_text][vc_row_inner equal_height=\u00a0\u00bbyes\u00a0\u00bb el_class=\u00a0\u00bbseparator-border\u00a0\u00bb][vc_column_inner width=\u00a0\u00bb1\/2&Prime;][vc_single_image image=\u00a0\u00bb1182&Prime; img_size=\u00a0\u00bb300&#215;134&Prime; alignment=\u00a0\u00bbcenter\u00a0\u00bb][vc_column_text]L&rsquo;esth\u00e9tique du banc vague ne se limite pas \u00e0 sa forme ext\u00e9rieure, mais s&rsquo;\u00e9tend \u00e9galement \u00e0 la mani\u00e8re dont il s&rsquo;int\u00e8gre dans son contexte. Que ce soit au c\u0153ur d&rsquo;un parc verdoyant, sur une place anim\u00e9e ou le long d&rsquo;une promenade riveraine, le banc vague s&rsquo;adapte avec gr\u00e2ce \u00e0 son environnement.<\/p>\n<p>En somme, le banc vague se pr\u00e9sente comme bien plus qu&rsquo;un simple mobilier urbain fonctionnel , il incarne une philosophie de design qui vise \u00e0 \u00e9lever l&rsquo;exp\u00e9rience urbaine en alliant praticit\u00e9 et esth\u00e9tisme, ajoutant ainsi une dimension artistique aux lieux qu&rsquo;il habite.[\/vc_column_text][\/vc_column_inner][vc_column_inner width=\u00a0\u00bb1\/2&Prime;][vc_column_text]<\/p>\n<h3>G\u00e9om\u00e9trie<\/h3>\n<p>[\/vc_column_text][vc_single_image image=\u00a0\u00bb427&Prime; img_size=\u00a0\u00bbfull\u00a0\u00bb alignment=\u00a0\u00bbcenter\u00a0\u00bb][vc_column_text]<\/p>\n<h3>Materiaux et aspects de personnalisation en option<\/h3>\n<p>[\/vc_column_text][vc_column_text el_class=\u00a0\u00bbmateriaux-pouffe-menara\u00a0\u00bb]<\/p>\n<ul>\n<li>Bois<\/li>\n<li class=\"empty\">Inox<\/li>\n<li class=\"empty\">Pvc<\/li>\n<li>Led<\/li>\n<li>Gravure \u2018\u2019 Logo \u2018\u2019<\/li>\n<\/ul>\n<p>[\/vc_column_text][vc_column_text]<\/p>\n<h3>Couleurs<\/h3>\n<p>[\/vc_column_text][vc_column_text el_class=\u00a0\u00bbcouleurs-pouffe-menara\u00a0\u00bb]<\/p>\n<ul>\n<li>Gris anthracite<\/li>\n<li class=\"empty\">Gris clair<\/li>\n<li class=\"empty\">Rouge Brique<\/li>\n<li>Beige<\/li>\n<li>Couleurs sp\u00e9cifiques sur commande<\/li>\n<\/ul>\n<p>[\/vc_column_text][vc_column_text]<\/p>\n<h3>Fiche technique<\/h3>\n<p>[\/vc_column_text][vc_single_image image=\u00a0\u00bb426&Prime; img_size=\u00a0\u00bbfull\u00a0\u00bb][vc_column_text]<\/p>\n<h3>Textures &amp; finitions<\/h3>\n<p>[\/vc_column_text][vc_column_text]<\/p>\n<h4>Aspect d\u00e9coratif : Perles d\u00e9coratives<\/h4>\n<p>[\/vc_column_text][vc_single_image image=\u00a0\u00bb372&Prime; img_size=\u00a0\u00bb500&#215;71&Prime;][vc_column_text]<\/p>\n<h4>Aspect poli<\/h4>\n<p>[\/vc_column_text][vc_single_image image=\u00a0\u00bb373&Prime; img_size=\u00a0\u00bb200&#215;89&Prime;][vc_single_image image=\u00a0\u00bb1208&Prime; img_size=\u00a0\u00bbfull\u00a0\u00bb el_class=\u00a0\u00bbrevetium-img-final\u00a0\u00bb][\/vc_column_inner][\/vc_row_inner]\n\t\t\t<\/div>\n\t\t\t<div  class=\"ult_tabitemname\"  >\n\t\t\t\t[vc_column_text]<\/p>\n<h2>Jardini\u00e8re Cylindrique :<\/h2>\n<p>67 cm x 86 cm x 8 cm | 360 kg | 100 L[\/vc_column_text][vc_row_inner equal_height=\u00a0\u00bbyes\u00a0\u00bb el_class=\u00a0\u00bbseparator-border\u00a0\u00bb][vc_column_inner width=\u00a0\u00bb1\/2&Prime;][vc_single_image image=\u00a0\u00bb1186&Prime; img_size=\u00a0\u00bb300&#215;448&Prime; alignment=\u00a0\u00bbcenter\u00a0\u00bb][vc_column_text]La jardini\u00e8re de forme cylindrique repr\u00e9sente une solution \u00e0 la fois chic et fonctionnelle pour sublimer vos plantes, tout en insufflant une touche de modernit\u00e9 \u00e0 vos espaces ext\u00e9rieurs. Gr\u00e2ce \u00e0 son design \u00e9l\u00e9gant, elle permet de mettre en avant la beaut\u00e9 naturelle des v\u00e9g\u00e9taux tout en s&rsquo;int\u00e9grant harmonieusement dans un environnement contemporain. Avec cette option, vous combinez l&rsquo;esth\u00e9tisme et la praticit\u00e9, cr\u00e9ant ainsi un \u00e9quilibre parfait entre l&rsquo;aspect naturel et l&rsquo;aspect fonctionnel de votre am\u00e9nagement ext\u00e9rieur.[\/vc_column_text][\/vc_column_inner][vc_column_inner width=\u00a0\u00bb1\/2&Prime;][vc_column_text]<\/p>\n<h3>G\u00e9om\u00e9trie<\/h3>\n<p>[\/vc_column_text][vc_single_image image=\u00a0\u00bb452&Prime; img_size=\u00a0\u00bbfull\u00a0\u00bb alignment=\u00a0\u00bbcenter\u00a0\u00bb][vc_column_text]<\/p>\n<h3>Materiaux et aspects de personnalisation en option<\/h3>\n<p>[\/vc_column_text][vc_column_text el_class=\u00a0\u00bbmateriaux-pouffe-menara\u00a0\u00bb]<\/p>\n<ul>\n<li>Bois<\/li>\n<li class=\"empty\">Inox<\/li>\n<li class=\"empty\">Pvc<\/li>\n<li>Led<\/li>\n<li>Gravure \u2018\u2019 Logo \u2018\u2019<\/li>\n<\/ul>\n<p>[\/vc_column_text][vc_column_text]<\/p>\n<h3>Couleurs<\/h3>\n<p>[\/vc_column_text][vc_column_text el_class=\u00a0\u00bbcouleurs-pouffe-menara\u00a0\u00bb]<\/p>\n<ul>\n<li>Gris anthracite<\/li>\n<li class=\"empty\">Gris clair<\/li>\n<li class=\"empty\">Rouge Brique<\/li>\n<li>Beige<\/li>\n<li>Couleurs sp\u00e9cifiques sur commande<\/li>\n<\/ul>\n<p>[\/vc_column_text][vc_column_text]<\/p>\n<h3>Fiche technique<\/h3>\n<p>[\/vc_column_text][vc_single_image image=\u00a0\u00bb451&Prime; img_size=\u00a0\u00bbfull\u00a0\u00bb][vc_column_text]<\/p>\n<h3>Textures &amp; finitions<\/h3>\n<p>[\/vc_column_text][vc_column_text]<\/p>\n<h4>Aspect d\u00e9coratif : Perles d\u00e9coratives<\/h4>\n<p>[\/vc_column_text][vc_single_image image=\u00a0\u00bb372&Prime; img_size=\u00a0\u00bb500&#215;71&Prime;][vc_column_text]<\/p>\n<h4>Aspect poli<\/h4>\n<p>[\/vc_column_text][vc_single_image image=\u00a0\u00bb373&Prime; img_size=\u00a0\u00bb200&#215;89&Prime;][vc_single_image image=\u00a0\u00bb1210&Prime; img_size=\u00a0\u00bbfull\u00a0\u00bb el_class=\u00a0\u00bbrevetium-img-final\u00a0\u00bb][\/vc_column_inner][\/vc_row_inner][vc_column_text]<\/p>\n<h2>Jardini\u00e8re Carr\u00e9e :<\/h2>\n<p>50 cm x 50 cm x 80 cm | 140 kg | 115 L[\/vc_column_text][vc_row_inner equal_height=\u00a0\u00bbyes\u00a0\u00bb el_class=\u00a0\u00bbseparator-border\u00a0\u00bb][vc_column_inner width=\u00a0\u00bb1\/2&Prime;][vc_single_image image=\u00a0\u00bb1184&Prime; img_size=\u00a0\u00bb300&#215;504&Prime; alignment=\u00a0\u00bbcenter\u00a0\u00bb][vc_column_text]La jardini\u00e8re carr\u00e9e repr\u00e9sente une solution \u00e0 la fois raffin\u00e9e et fonctionnelle pour sublimer la beaut\u00e9 des plantes tout en insufflant une esth\u00e9tique contemporaine aux environnements ext\u00e9rieurs. En combinant \u00e9l\u00e9gance et praticit\u00e9, elle constitue un moyen distinctif d&#8217;embellir les espaces verts, cr\u00e9ant ainsi une atmosph\u00e8re moderne et soign\u00e9e. En offrant un cadre d\u00e9limit\u00e9 et g\u00e9om\u00e9trique, la jardini\u00e8re carr\u00e9e permet de structurer l&rsquo;am\u00e9nagement paysager, apportant une harmonie visuelle tout en facilitant la gestion et l&rsquo;entretien des plantes.<\/p>\n<p>Avec son design \u00e9pur\u00e9, elle s&rsquo;int\u00e8gre harmonieusement dans diff\u00e9rents styles d&rsquo;ext\u00e9rieurs, offrant ainsi une solution polyvalente et esth\u00e9tiquement agr\u00e9able pour enrichir les espaces ext\u00e9rieurs de mani\u00e8re durable.[\/vc_column_text][\/vc_column_inner][vc_column_inner width=\u00a0\u00bb1\/2&Prime;][vc_column_text]<\/p>\n<h3>G\u00e9om\u00e9trie<\/h3>\n<p>[\/vc_column_text][vc_single_image image=\u00a0\u00bb455&Prime; img_size=\u00a0\u00bbfull\u00a0\u00bb alignment=\u00a0\u00bbcenter\u00a0\u00bb][vc_column_text]<\/p>\n<h3>Materiaux et aspects de personnalisation en option<\/h3>\n<p>[\/vc_column_text][vc_column_text el_class=\u00a0\u00bbmateriaux-pouffe-menara\u00a0\u00bb]<\/p>\n<ul>\n<li>Bois<\/li>\n<li class=\"empty\">Inox<\/li>\n<li class=\"empty\">Pvc<\/li>\n<li>Led<\/li>\n<li>Gravure \u2018\u2019 Logo \u2018\u2019<\/li>\n<\/ul>\n<p>[\/vc_column_text][vc_column_text]<\/p>\n<h3>Couleurs<\/h3>\n<p>[\/vc_column_text][vc_column_text el_class=\u00a0\u00bbcouleurs-pouffe-menara\u00a0\u00bb]<\/p>\n<ul>\n<li>Gris anthracite<\/li>\n<li class=\"empty\">Gris clair<\/li>\n<li class=\"empty\">Rouge Brique<\/li>\n<li>Beige<\/li>\n<li>Couleurs sp\u00e9cifiques sur commande<\/li>\n<\/ul>\n<p>[\/vc_column_text][vc_column_text]<\/p>\n<h3>Fiche technique<\/h3>\n<p>[\/vc_column_text][vc_single_image image=\u00a0\u00bb454&Prime; img_size=\u00a0\u00bbfull\u00a0\u00bb][vc_column_text]<\/p>\n<h3>Textures &amp; finitions<\/h3>\n<p>[\/vc_column_text][vc_column_text]<\/p>\n<h4>Aspect d\u00e9coratif : Perles d\u00e9coratives<\/h4>\n<p>[\/vc_column_text][vc_single_image image=\u00a0\u00bb372&Prime; img_size=\u00a0\u00bb500&#215;71&Prime;][vc_column_text]<\/p>\n<h4>Aspect poli<\/h4>\n<p>[\/vc_column_text][vc_single_image image=\u00a0\u00bb373&Prime; img_size=\u00a0\u00bb200&#215;89&Prime;][vc_single_image image=\u00a0\u00bb1211&Prime; img_size=\u00a0\u00bbfull\u00a0\u00bb el_class=\u00a0\u00bbrevetium-img-final\u00a0\u00bb][\/vc_column_inner][\/vc_row_inner][vc_column_text]<\/p>\n<h2>Jardini\u00e8re Carr\u00e9e Arrondi :<\/h2>\n<p>45 cm x 45 cm x 45 cm | 70 kg[\/vc_column_text][vc_row_inner equal_height=\u00a0\u00bbyes\u00a0\u00bb el_class=\u00a0\u00bbseparator-border\u00a0\u00bb][vc_column_inner width=\u00a0\u00bb1\/2&Prime;][vc_single_image image=\u00a0\u00bb1185&Prime; img_size=\u00a0\u00bb300&#215;333&Prime; alignment=\u00a0\u00bbcenter\u00a0\u00bb][vc_column_text]Cette jardini\u00e8re en b\u00e9ton, par sa nature architectonique, alliant la force inh\u00e9rente du mat\u00e9riau \u00e0 une esth\u00e9tique visuelle sophistiqu\u00e9e. Les coins arrondis apportent une douceur \u00e0 la structure globale, \u00e9quilibrant l&rsquo;aust\u00e9rit\u00e9 du b\u00e9ton avec une \u00e9l\u00e9gance subtile. Cette jardini\u00e8re trouve ainsi sa place aussi bien dans des designs urbains que dans des jardins plus naturels, ajoutant une dimension artistique \u00e0 l&rsquo;exp\u00e9rience v\u00e9g\u00e9tale.[\/vc_column_text][\/vc_column_inner][vc_column_inner width=\u00a0\u00bb1\/2&Prime;][vc_column_text]<\/p>\n<h3>G\u00e9om\u00e9trie<\/h3>\n<p>[\/vc_column_text][vc_single_image image=\u00a0\u00bb460&Prime; img_size=\u00a0\u00bbfull\u00a0\u00bb alignment=\u00a0\u00bbcenter\u00a0\u00bb][vc_column_text]<\/p>\n<h3>Materiaux et aspects de personnalisation en option<\/h3>\n<p>[\/vc_column_text][vc_column_text el_class=\u00a0\u00bbmateriaux-pouffe-menara\u00a0\u00bb]<\/p>\n<ul>\n<li>Bois<\/li>\n<li class=\"empty\">Inox<\/li>\n<li class=\"empty\">Pvc<\/li>\n<li>Led<\/li>\n<li>Gravure \u2018\u2019 Logo \u2018\u2019<\/li>\n<\/ul>\n<p>[\/vc_column_text][vc_column_text]<\/p>\n<h3>Couleurs<\/h3>\n<p>[\/vc_column_text][vc_column_text el_class=\u00a0\u00bbcouleurs-pouffe-menara\u00a0\u00bb]<\/p>\n<ul>\n<li>Gris anthracite<\/li>\n<li class=\"empty\">Gris clair<\/li>\n<li class=\"empty\">Rouge Brique<\/li>\n<li>Beige<\/li>\n<li>Couleurs sp\u00e9cifiques sur commande<\/li>\n<\/ul>\n<p>[\/vc_column_text][vc_column_text]<\/p>\n<h3>Fiche technique<\/h3>\n<p>[\/vc_column_text][vc_single_image image=\u00a0\u00bb461&Prime; img_size=\u00a0\u00bbfull\u00a0\u00bb][vc_column_text]<\/p>\n<h3>Textures &amp; finitions<\/h3>\n<p>[\/vc_column_text][vc_column_text]<\/p>\n<h4>Aspect d\u00e9coratif : Perles d\u00e9coratives<\/h4>\n<p>[\/vc_column_text][vc_single_image image=\u00a0\u00bb372&Prime; img_size=\u00a0\u00bb500&#215;71&Prime;][vc_column_text]<\/p>\n<h4>Aspect poli<\/h4>\n<p>[\/vc_column_text][vc_single_image image=\u00a0\u00bb373&Prime; img_size=\u00a0\u00bb200&#215;89&Prime;][vc_single_image image=\u00a0\u00bb1212&Prime; img_size=\u00a0\u00bbfull\u00a0\u00bb el_class=\u00a0\u00bbrevetium-img-final\u00a0\u00bb][\/vc_column_inner][\/vc_row_inner]\n\t\t\t<\/div>\n\t\t\t<div  class=\"ult_tabitemname\"  >\n\t\t\t\t[vc_column_text]<\/p>\n<h2>Corbeille Cylindrique :<\/h2>\n<p>67 cm x 86 cm x 8 cm | 360 kg | 100 L[\/vc_column_text][vc_row_inner equal_height=\u00a0\u00bbyes\u00a0\u00bb el_class=\u00a0\u00bbseparator-border\u00a0\u00bb][vc_column_inner width=\u00a0\u00bb1\/2&Prime;][vc_single_image image=\u00a0\u00bb1188&Prime; img_size=\u00a0\u00bb300&#215;449&Prime; alignment=\u00a0\u00bbcenter\u00a0\u00bb][vc_column_text]Le choix du b\u00e9ton architectonique pour la r\u00e9alisation de cette corbeille conf\u00e8re \u00e0 l&rsquo;ensemble une solidit\u00e9 \u00e0 toute \u00e9preuve, tout en offrant une surface lisse et \u00e9l\u00e9gante. La forme cylindrique, s\u00e9lectionn\u00e9e avec soin, s&rsquo;int\u00e8gre de mani\u00e8re organique dans divers environnements, que ce soit dans des espaces urbains contemporains, des parcs paisibles ou des zones commerciales anim\u00e9es.<\/p>\n<p>Outre son attrait visuel, la corbeille cylindrique en b\u00e9ton architectonique r\u00e9pond aux exigences pratiques et fonctionnelles d&rsquo;un mobilier urbain de qualit\u00e9. Sa capacit\u00e9 \u00e0 r\u00e9sister aux intemp\u00e9ries, sa durabilit\u00e9 exceptionnelle et son entretien facile en font un choix id\u00e9al pour les espaces publics fr\u00e9quent\u00e9s. De plus, la corbeille est con\u00e7ue de mani\u00e8re \u00e0 int\u00e9grer de mani\u00e8re transparente des sacs poubelles standards, simplifiant ainsi la gestion des d\u00e9chets au quotidien.[\/vc_column_text][\/vc_column_inner][vc_column_inner width=\u00a0\u00bb1\/2&Prime;][vc_column_text]<\/p>\n<h3>G\u00e9om\u00e9trie<\/h3>\n<p>[\/vc_column_text][vc_single_image image=\u00a0\u00bb443&Prime; img_size=\u00a0\u00bbfull\u00a0\u00bb alignment=\u00a0\u00bbcenter\u00a0\u00bb][vc_column_text]<\/p>\n<h3>Materiaux et aspects de personnalisation en option<\/h3>\n<p>[\/vc_column_text][vc_column_text el_class=\u00a0\u00bbmateriaux-pouffe-menara\u00a0\u00bb]<\/p>\n<ul>\n<li>Bois<\/li>\n<li class=\"empty\">Inox<\/li>\n<li class=\"empty\">Pvc<\/li>\n<li>Led<\/li>\n<li>Gravure \u2018\u2019 Logo \u2018\u2019<\/li>\n<\/ul>\n<p>[\/vc_column_text][vc_column_text]<\/p>\n<h3>Couleurs<\/h3>\n<p>[\/vc_column_text][vc_column_text el_class=\u00a0\u00bbcouleurs-pouffe-menara\u00a0\u00bb]<\/p>\n<ul>\n<li>Gris anthracite<\/li>\n<li class=\"empty\">Gris clair<\/li>\n<li class=\"empty\">Rouge Brique<\/li>\n<li>Beige<\/li>\n<li>Couleurs sp\u00e9cifiques sur commande<\/li>\n<\/ul>\n<p>[\/vc_column_text][vc_column_text]<\/p>\n<h3>Fiche technique<\/h3>\n<p>[\/vc_column_text][vc_single_image image=\u00a0\u00bb442&Prime; img_size=\u00a0\u00bbfull\u00a0\u00bb][vc_column_text]<\/p>\n<h3>Textures &amp; finitions<\/h3>\n<p>[\/vc_column_text][vc_column_text]<\/p>\n<h4>Aspect d\u00e9coratif : Perles d\u00e9coratives<\/h4>\n<p>[\/vc_column_text][vc_single_image image=\u00a0\u00bb372&Prime; img_size=\u00a0\u00bb500&#215;71&Prime;][vc_column_text]<\/p>\n<h4>Aspect poli<\/h4>\n<p>[\/vc_column_text][vc_single_image image=\u00a0\u00bb373&Prime; img_size=\u00a0\u00bb200&#215;89&Prime;][vc_single_image image=\u00a0\u00bb1213&Prime; img_size=\u00a0\u00bbfull\u00a0\u00bb el_class=\u00a0\u00bbrevetium-img-final\u00a0\u00bb][\/vc_column_inner][\/vc_row_inner][vc_column_text]<\/p>\n<h2>Corbeille Carr\u00e9e :<\/h2>\n<p>50 cm x 50 cm x 80 cm | 140 kg[\/vc_column_text][vc_row_inner equal_height=\u00a0\u00bbyes\u00a0\u00bb el_class=\u00a0\u00bbseparator-border\u00a0\u00bb][vc_column_inner width=\u00a0\u00bb1\/2&Prime;][vc_single_image image=\u00a0\u00bb1189&Prime; img_size=\u00a0\u00bb300&#215;505&Prime; alignment=\u00a0\u00bbcenter\u00a0\u00bb][vc_column_text]Le mobilier urbain rev\u00eat une importance capitale dans la pr\u00e9servation de la propret\u00e9 et de l&rsquo;esth\u00e9tique au sein des espaces publics, et la corbeille carr\u00e9e s&rsquo;impose comme un \u00e9l\u00e9ment essentiel \u00e0 cet \u00e9gard. Con\u00e7ue avec des mat\u00e9riaux de premi\u00e8re qualit\u00e9, cette corbeille harmonise astucieusement fonctionnalit\u00e9 et design raffin\u00e9. Elle repr\u00e9sente une solution \u00e0 la fois durable et esth\u00e9tique pour la gestion des d\u00e9chets au sein des espaces publics. Gr\u00e2ce \u00e0 sa fabrication m\u00e9ticuleuse et \u00e0 son esth\u00e9tique soign\u00e9e, elle se positionne comme un ajout indispensable, contribuant \u00e0 la pr\u00e9servation de la propret\u00e9 et \u00e0 l&rsquo;am\u00e9lioration visuelle des environnements urbains.[\/vc_column_text][\/vc_column_inner][vc_column_inner width=\u00a0\u00bb1\/2&Prime;][vc_column_text]<\/p>\n<h3>G\u00e9om\u00e9trie<\/h3>\n<p>[\/vc_column_text][vc_single_image image=\u00a0\u00bb447&Prime; img_size=\u00a0\u00bbfull\u00a0\u00bb alignment=\u00a0\u00bbcenter\u00a0\u00bb][vc_column_text]<\/p>\n<h3>Materiaux et aspects de personnalisation en option<\/h3>\n<p>[\/vc_column_text][vc_column_text el_class=\u00a0\u00bbmateriaux-pouffe-menara\u00a0\u00bb]<\/p>\n<ul>\n<li>Bois<\/li>\n<li class=\"empty\">Inox<\/li>\n<li class=\"empty\">Pvc<\/li>\n<li>Led<\/li>\n<li>Gravure \u2018\u2019 Logo \u2018\u2019<\/li>\n<\/ul>\n<p>[\/vc_column_text][vc_column_text]<\/p>\n<h3>Couleurs<\/h3>\n<p>[\/vc_column_text][vc_column_text el_class=\u00a0\u00bbcouleurs-pouffe-menara\u00a0\u00bb]<\/p>\n<ul>\n<li>Gris anthracite<\/li>\n<li class=\"empty\">Gris clair<\/li>\n<li class=\"empty\">Rouge Brique<\/li>\n<li>Beige<\/li>\n<li>Couleurs sp\u00e9cifiques sur commande<\/li>\n<\/ul>\n<p>[\/vc_column_text][vc_column_text]<\/p>\n<h3>Fiche technique<\/h3>\n<p>[\/vc_column_text][vc_single_image image=\u00a0\u00bb446&Prime; img_size=\u00a0\u00bbfull\u00a0\u00bb][vc_column_text]<\/p>\n<h3>Textures &amp; finitions<\/h3>\n<p>[\/vc_column_text][vc_column_text]<\/p>\n<h4>Aspect d\u00e9coratif : Perles d\u00e9coratives<\/h4>\n<p>[\/vc_column_text][vc_single_image image=\u00a0\u00bb372&Prime; img_size=\u00a0\u00bb500&#215;71&Prime;][vc_column_text]<\/p>\n<h4>Aspect poli<\/h4>\n<p>[\/vc_column_text][vc_single_image image=\u00a0\u00bb373&Prime; img_size=\u00a0\u00bb200&#215;89&Prime;][vc_single_image image=\u00a0\u00bb1214&Prime; img_size=\u00a0\u00bbfull\u00a0\u00bb el_class=\u00a0\u00bbrevetium-img-final\u00a0\u00bb][\/vc_column_inner][\/vc_row_inner]\n\t\t\t<\/div>\n\t\t\t<div  class=\"ult_tabitemname\"  >\n\t\t\t\t[vc_column_text]<\/p>\n<h3>Borne Massif :<\/h3>\n<p>30 cm x 30 cm x 45 cm | 88,4 kg[\/vc_column_text][vc_row_inner equal_height=\u00a0\u00bbyes\u00a0\u00bb el_class=\u00a0\u00bbseparator-border\u00a0\u00bb][vc_column_inner width=\u00a0\u00bb1\/2&Prime;][vc_single_image image=\u00a0\u00bb1191&Prime; img_size=\u00a0\u00bb300&#215;504&Prime; alignment=\u00a0\u00bbcenter\u00a0\u00bb][vc_column_text]Le Pouf cylindrique en b\u00e9ton architectonique que nous proposons constitue une solution id\u00e9ale pour les espaces ext\u00e9rieurs. Alliant durabilit\u00e9 et \u00e9l\u00e9gance, ce mod\u00e8le a \u00e9t\u00e9 sp\u00e9cialement con\u00e7u pour s&rsquo;int\u00e9grer de mani\u00e8re esth\u00e9tique et discr\u00e8te au sol.<\/p>\n<p>Sa robustesse inh\u00e9rente en fait un choix id\u00e9al pour les environnements ext\u00e9rieurs, o\u00f9 il est expos\u00e9 aux \u00e9l\u00e9ments naturels. Le mat\u00e9riau durable utilis\u00e9 dans sa fabrication assure une r\u00e9sistance exceptionnelle aux conditions climatiques vari\u00e9es, garantissant ainsi sa long\u00e9vit\u00e9 dans le temps.[\/vc_column_text][\/vc_column_inner][vc_column_inner width=\u00a0\u00bb1\/2&Prime;][vc_column_text]<\/p>\n<h3>G\u00e9om\u00e9trie<\/h3>\n<p>[\/vc_column_text][vc_single_image image=\u00a0\u00bb437&Prime; img_size=\u00a0\u00bbfull\u00a0\u00bb alignment=\u00a0\u00bbcenter\u00a0\u00bb][vc_column_text]<\/p>\n<h3>Materiaux et aspects de personnalisation en option<\/h3>\n<p>[\/vc_column_text][vc_column_text el_class=\u00a0\u00bbmateriaux-pouffe-menara\u00a0\u00bb]<\/p>\n<ul>\n<li>Bois<\/li>\n<li class=\"empty\">Inox<\/li>\n<li class=\"empty\">Pvc<\/li>\n<li>Led<\/li>\n<li>Gravure \u2018\u2019 Logo \u2018\u2019<\/li>\n<\/ul>\n<p>[\/vc_column_text][vc_column_text]<\/p>\n<h3>Couleurs<\/h3>\n<p>[\/vc_column_text][vc_column_text el_class=\u00a0\u00bbcouleurs-pouffe-menara\u00a0\u00bb]<\/p>\n<ul>\n<li>Gris anthracite<\/li>\n<li class=\"empty\">Gris clair<\/li>\n<li class=\"empty\">Rouge Brique<\/li>\n<li>Beige<\/li>\n<li>Couleurs sp\u00e9cifiques sur commande<\/li>\n<\/ul>\n<p>[\/vc_column_text][vc_column_text]<\/p>\n<h3>Fiche technique<\/h3>\n<p>[\/vc_column_text][vc_single_image image=\u00a0\u00bb436&Prime; img_size=\u00a0\u00bbfull\u00a0\u00bb][vc_column_text]<\/p>\n<h3>Textures &amp; finitions<\/h3>\n<p>[\/vc_column_text][vc_column_text]<\/p>\n<h4>Aspect d\u00e9coratif : Perles d\u00e9coratives<\/h4>\n<p>[\/vc_column_text][vc_single_image image=\u00a0\u00bb372&Prime; img_size=\u00a0\u00bb500&#215;71&Prime;][vc_column_text]<\/p>\n<h4>Aspect poli<\/h4>\n<p>[\/vc_column_text][vc_single_image image=\u00a0\u00bb373&Prime; img_size=\u00a0\u00bb200&#215;89&Prime;][vc_single_image image=\u00a0\u00bb1216&Prime; img_size=\u00a0\u00bbfull\u00a0\u00bb el_class=\u00a0\u00bbrevetium-img-final\u00a0\u00bb][\/vc_column_inner][\/vc_row_inner]\n\t\t\t<\/div>\n\t\t\t<div  class=\"ult_tabitemname\"  >\n\t\t\t\t[vc_column_text]<\/p>\n<h2>Table Pique-nique U :<\/h2>\n<p>Table : 200 cm x 75 cm x 85 cm | 510 kg<br \/>\nBancs U \u00e9p.10cm : 200cm x 50cm x 45cm | 340kg[\/vc_column_text][vc_row_inner equal_height=\u00a0\u00bbyes\u00a0\u00bb el_class=\u00a0\u00bbseparator-border\u00a0\u00bb][vc_column_inner width=\u00a0\u00bb1\/2&Prime;][vc_single_image image=\u00a0\u00bb1193&Prime; img_size=\u00a0\u00bb300&#215;127&Prime; alignment=\u00a0\u00bbcenter\u00a0\u00bb][vc_column_text]Cette table pique-nique en b\u00e9ton, en tant que composant essentiel du mobilier urbain, joue un r\u00f4le significatif dans la transformation positive de l&rsquo;environnement citadin. Sa conception ing\u00e9nieuse et robuste vise \u00e0 cr\u00e9er un espace convivial, favorisant ainsi les activit\u00e9s sociales en plein air au c\u0153ur de la vie urbaine.<\/p>\n<p>L&rsquo;engagement envers des normes \u00e9lev\u00e9es en mati\u00e8re de qualit\u00e9 et de durabilit\u00e9 conf\u00e8re \u00e0 cette table pique-nique en b\u00e9ton une place privil\u00e9gi\u00e9e dans le paysage urbain contemporain. Con\u00e7ue pour r\u00e9sister aux rigueurs de l&rsquo;utilisation quotidienne, elle r\u00e9pond aux exigences techniques les plus strictes du mobilier urbain moderne. Sa structure solide et durable offre non seulement une solution fonctionnelle, mais elle contribue \u00e9galement \u00e0 la pr\u00e9servation \u00e0 long terme de l&rsquo;esth\u00e9tique urbaine, garantissant ainsi une int\u00e9gration harmonieuse dans le cadre environnant.[\/vc_column_text][\/vc_column_inner][vc_column_inner width=\u00a0\u00bb1\/2&Prime;][vc_column_text]<\/p>\n<h3>G\u00e9om\u00e9trie<\/h3>\n<p>[\/vc_column_text][vc_single_image image=\u00a0\u00bb431&Prime; img_size=\u00a0\u00bbfull\u00a0\u00bb alignment=\u00a0\u00bbcenter\u00a0\u00bb][vc_column_text]<\/p>\n<h3>Materiaux et aspects de personnalisation en option<\/h3>\n<p>[\/vc_column_text][vc_column_text el_class=\u00a0\u00bbmateriaux-pouffe-menara\u00a0\u00bb]<\/p>\n<ul>\n<li>Bois<\/li>\n<li class=\"empty\">Inox<\/li>\n<li class=\"empty\">Pvc<\/li>\n<li>Led<\/li>\n<li>Gravure \u2018\u2019 Logo \u2018\u2019<\/li>\n<\/ul>\n<p>[\/vc_column_text][vc_column_text]<\/p>\n<h3>Couleurs<\/h3>\n<p>[\/vc_column_text][vc_column_text el_class=\u00a0\u00bbcouleurs-pouffe-menara\u00a0\u00bb]<\/p>\n<ul>\n<li>Gris anthracite<\/li>\n<li class=\"empty\">Gris clair<\/li>\n<li class=\"empty\">Rouge Brique<\/li>\n<li>Beige<\/li>\n<li>Couleurs sp\u00e9cifiques sur commande<\/li>\n<\/ul>\n<p>[\/vc_column_text][vc_column_text]<\/p>\n<h3>Fiche technique<\/h3>\n<p>[\/vc_column_text][vc_single_image image=\u00a0\u00bb430&Prime; img_size=\u00a0\u00bbfull\u00a0\u00bb][vc_column_text]<\/p>\n<h3>Textures &amp; finitions<\/h3>\n<p>[\/vc_column_text][vc_column_text]<\/p>\n<h4>Aspect d\u00e9coratif : Perles d\u00e9coratives<\/h4>\n<p>[\/vc_column_text][vc_single_image image=\u00a0\u00bb372&Prime; img_size=\u00a0\u00bb500&#215;71&Prime;][vc_column_text]<\/p>\n<h4>Aspect poli<\/h4>\n<p>[\/vc_column_text][vc_single_image image=\u00a0\u00bb373&Prime; img_size=\u00a0\u00bb200&#215;89&Prime;][vc_single_image image=\u00a0\u00bb1217&Prime; img_size=\u00a0\u00bbfull\u00a0\u00bb el_class=\u00a0\u00bbrevetium-img-final\u00a0\u00bb][\/vc_column_inner][\/vc_row_inner]\n\t\t\t<\/div><\/div><\/div><\/div><div class=\"ult_acord advanced-tabs-desc-wrap-1816\">\n   <div class=\"ult-tabto-accordion \" style=\"width:;\"\n    data-titlecolor=\"#ffffff\"  data-titlebg=\"#a8a7a7\"\n     data-titlehoverbg=\"#f09021\" data-titlehovercolor=\"#ffffff\" data-animation=\"Slide\"\n     data-activetitle=\"#ffffff\" data-activeicon=\"\" data-activebg=\"#f09021\" data-scroll = \"on\" data-activeindex=\"1\" >\n     <dl><dt class=\"\">\n\t        \t<a class=\"ult-tabto-actitle withBorder ult_a \" id=\"1709041326937-1\" style=\"color:#ffffff;;background-color:#a8a7a7;border-bottom-color:transparent;border-bottom-width:0px;border-bottom-style:solid;\" href=\"#1709041326937-1\">\n\t        \t\t<i class=\"accordion-icon\"><\/i>\n\t        \t\t\t<span class=\"ult_tab_main ult_ac_main ult_noacordicnBoth\">\n\n\t\t\t\t\t\t<span  data-ultimate-target='#advanced-tabs-wrap-6566 .ult-span-text'  data-responsive-json-new='{\"font-size\":\"desktop:15px;\",\"line-height\":\"\"}'  class=\"ult-span-text no_icon ult_acordian-text ult-responsive\" style=\";color:inherit \" >Si\u00e8ges<\/span>\n\t\t\t\t\t\t<\/span><\/a><\/dt>\n\t            \t\t<dd class=\"ult-tabto-accordionItem ult-tabto-accolapsed\">\n\t\t\t\t            <div class=\"ult-tabto-acontent\" style=\"color:#74777b;\">\n\t\t\t\t               [vc_column_text]<\/p>\n<h2>Poufe M\u00e9nara :<\/h2>\n<p>45 cm x 57,9 cm | 212 kg[\/vc_column_text][vc_row_inner equal_height=\u00a0\u00bbyes\u00a0\u00bb css=\u00a0\u00bb.vc_custom_1709112021597{border-top-width: 1px !important;border-right-width: 1px !important;border-bottom-width: 1px !important;border-left-width: 1px !important;border-left-color: #a8a7a7 !important;border-left-style: solid !important;border-right-color: #a8a7a7 !important;border-right-style: solid !important;border-top-color: #a8a7a7 !important;border-top-style: solid !important;border-bottom-color: #a8a7a7 !important;border-bottom-style: solid !important;border-radius: 15px !important;}\u00a0\u00bb el_class=\u00a0\u00bbseparator-border\u00a0\u00bb][vc_column_inner width=\u00a0\u00bb1\/2&Prime;][vc_single_image image=\u00a0\u00bb1168&Prime; img_size=\u00a0\u00bb300&#215;300&Prime; alignment=\u00a0\u00bbcenter\u00a0\u00bb][vc_column_text]C&rsquo;est une fusion harmonieuse entre la forme, la texture et la couleur. Ce si\u00e8ge, \u00e0 la fois organique et compact, se distingue par sa polyvalence multifonctionnelle. En r\u00e9alit\u00e9, il a le pouvoir de g\u00e9n\u00e9rer de nouveaux espaces, transformant l&rsquo;environnement qui l&rsquo;entoure.<br \/>\nSon utilisation est mall\u00e9able, s&rsquo;adaptant avec fluidit\u00e9 \u00e0 son contexte. Que ce soit dans une place publique, un jardin ext\u00e9rieur, ou au c\u0153ur d&rsquo;une aire de jeu, ce si\u00e8ge se m\u00e9tamorphose pour r\u00e9pondre aux besoins changeants de son environnement.[\/vc_column_text][\/vc_column_inner][vc_column_inner width=\u00a0\u00bb1\/2&Prime;][vc_column_text]<\/p>\n<h3>G\u00e9om\u00e9trie<\/h3>\n<p>[\/vc_column_text][vc_single_image image=\u00a0\u00bb353&Prime; img_size=\u00a0\u00bbfull\u00a0\u00bb alignment=\u00a0\u00bbcenter\u00a0\u00bb][vc_column_text]<\/p>\n<h3>Materiaux et aspects de personnalisation en option<\/h3>\n<p>[\/vc_column_text][vc_column_text el_class=\u00a0\u00bbmateriaux-pouffe-menara\u00a0\u00bb]<\/p>\n<ul>\n<li>Bois<\/li>\n<li class=\"empty\">Inox<\/li>\n<li class=\"empty\">Pvc<\/li>\n<li>Led<\/li>\n<li>Gravure \u2018\u2019 Logo \u2018\u2019<\/li>\n<\/ul>\n<p>[\/vc_column_text][vc_column_text]<\/p>\n<h3>Couleurs<\/h3>\n<p>[\/vc_column_text][vc_column_text el_class=\u00a0\u00bbcouleurs-pouffe-menara\u00a0\u00bb]<\/p>\n<ul>\n<li>Gris anthracite<\/li>\n<li class=\"empty\">Gris clair<\/li>\n<li class=\"empty\">Rouge Brique<\/li>\n<li>Beige<\/li>\n<li>Couleurs sp\u00e9cifiques sur commande<\/li>\n<\/ul>\n<p>[\/vc_column_text][vc_column_text]<\/p>\n<h3>Fiche technique<\/h3>\n<p>[\/vc_column_text][vc_single_image image=\u00a0\u00bb384&Prime; img_size=\u00a0\u00bbfull\u00a0\u00bb][vc_column_text]<\/p>\n<h3>Textures &amp; finitions<\/h3>\n<p>[\/vc_column_text][vc_column_text]<\/p>\n<h4>Aspect d\u00e9coratif : Perles d\u00e9coratives<\/h4>\n<p>[\/vc_column_text][vc_single_image image=\u00a0\u00bb1199&Prime; img_size=\u00a0\u00bb500&#215;71&Prime;][vc_column_text]<\/p>\n<h4>Aspect poli<\/h4>\n<p>[\/vc_column_text][vc_single_image image=\u00a0\u00bb1197&Prime; img_size=\u00a0\u00bb200&#215;89&Prime;][vc_single_image image=\u00a0\u00bb1196&Prime; img_size=\u00a0\u00bbfull\u00a0\u00bb el_class=\u00a0\u00bbrevetium-img-final\u00a0\u00bb][\/vc_column_inner][\/vc_row_inner][vc_column_text]<\/p>\n<h2>Pouf Socrate :<\/h2>\n<p>50 cm x 50 cm | 260 kg[\/vc_column_text][vc_row_inner equal_height=\u00a0\u00bbyes\u00a0\u00bb css=\u00a0\u00bb.vc_custom_1709112033061{border-top-width: 1px !important;border-right-width: 1px !important;border-left-width: 1px !important;border-left-color: #a8a7a7 !important;border-left-style: solid !important;border-right-color: #a8a7a7 !important;border-right-style: solid !important;border-top-color: #a8a7a7 !important;border-top-style: solid !important;border-radius: 15px !important;}\u00a0\u00bb el_class=\u00a0\u00bbseparator-border\u00a0\u00bb][vc_column_inner width=\u00a0\u00bb1\/2&Prime;][vc_single_image image=\u00a0\u00bb1171&Prime; img_size=\u00a0\u00bb300&#215;300&Prime; alignment=\u00a0\u00bbcenter\u00a0\u00bb][vc_single_image image=\u00a0\u00bb1170&Prime; img_size=\u00a0\u00bb300&#215;300&Prime; alignment=\u00a0\u00bbcenter\u00a0\u00bb][vc_column_text]Le pouf Socrate en b\u00e9ton est une pi\u00e8ce conjuguant avec succ\u00e8s fonctionnalit\u00e9 et esth\u00e9tique contemporaine, apportant ainsi une touche polyvalente et robuste \u00e0 votre espace de vie ou de d\u00e9tente. Son design moderne offre non seulement une esth\u00e9tique \u00e9l\u00e9gante, mais \u00e9galement une praticit\u00e9 adapt\u00e9e \u00e0 divers usages.<\/p>\n<p>Son esth\u00e9tique moderne compl\u00e8te harmonieusement diff\u00e9rents styles de d\u2019am\u00e9nagement urbain, apportant une note contemporaine \u00e0 votre ext\u00e9rieur.[\/vc_column_text][\/vc_column_inner][vc_column_inner width=\u00a0\u00bb1\/2&Prime;][vc_column_text]<\/p>\n<h3>G\u00e9om\u00e9trie<\/h3>\n<p>[\/vc_column_text][vc_single_image image=\u00a0\u00bb379&Prime; img_size=\u00a0\u00bbfull\u00a0\u00bb alignment=\u00a0\u00bbcenter\u00a0\u00bb][vc_column_text]<\/p>\n<h3>Materiaux et aspects de personnalisation en option<\/h3>\n<p>[\/vc_column_text][vc_column_text el_class=\u00a0\u00bbmateriaux-pouffe-menara\u00a0\u00bb]<\/p>\n<ul>\n<li>Bois<\/li>\n<li class=\"empty\">Inox<\/li>\n<li class=\"empty\">Pvc<\/li>\n<li>Led<\/li>\n<li>Gravure \u2018\u2019 Logo \u2018\u2019<\/li>\n<\/ul>\n<p>[\/vc_column_text][vc_column_text]<\/p>\n<h3>Couleurs<\/h3>\n<p>[\/vc_column_text][vc_column_text el_class=\u00a0\u00bbcouleurs-pouffe-menara\u00a0\u00bb]<\/p>\n<ul>\n<li>Gris anthracite<\/li>\n<li class=\"empty\">Gris clair<\/li>\n<li class=\"empty\">Rouge Brique<\/li>\n<li>Beige<\/li>\n<li>Couleurs sp\u00e9cifiques sur commande<\/li>\n<\/ul>\n<p>[\/vc_column_text][vc_column_text]<\/p>\n<h3>Fiche technique<\/h3>\n<p>[\/vc_column_text][vc_single_image image=\u00a0\u00bb383&Prime; img_size=\u00a0\u00bbfull\u00a0\u00bb][vc_column_text]<\/p>\n<h3>Textures &amp; finitions<\/h3>\n<p>[\/vc_column_text][vc_column_text]<\/p>\n<h4>Aspect d\u00e9coratif : Perles d\u00e9coratives<\/h4>\n<p>[\/vc_column_text][vc_single_image image=\u00a0\u00bb372&Prime; img_size=\u00a0\u00bb500&#215;71&Prime;][vc_column_text]<\/p>\n<h4>Aspect poli<\/h4>\n<p>[\/vc_column_text][vc_single_image image=\u00a0\u00bb373&Prime; img_size=\u00a0\u00bb200&#215;89&Prime;][vc_single_image image=\u00a0\u00bb1201&Prime; img_size=\u00a0\u00bbfull\u00a0\u00bb el_class=\u00a0\u00bbrevetium-img-final\u00a0\u00bb][\/vc_column_inner][\/vc_row_inner][vc_column_text]<\/p>\n<h2>Pouf rectangulaire :<\/h2>\n<p>100 cm x 45 cm x 45 cm | 400 kg[\/vc_column_text][vc_row_inner equal_height=\u00a0\u00bbyes\u00a0\u00bb css=\u00a0\u00bb.vc_custom_1709112039612{border-top-width: 1px !important;border-right-width: 1px !important;border-bottom-width: 1px !important;border-left-width: 1px !important;border-left-color: #a8a7a7 !important;border-right-color: #a8a7a7 !important;border-top-color: #a8a7a7 !important;border-bottom-color: #a8a7a7 !important;}\u00a0\u00bb el_class=\u00a0\u00bbseparator-border\u00a0\u00bb][vc_column_inner width=\u00a0\u00bb1\/2&Prime;][vc_single_image image=\u00a0\u00bb1173&Prime; img_size=\u00a0\u00bb300&#215;374&Prime; alignment=\u00a0\u00bbcenter\u00a0\u00bb][vc_column_text]Au-del\u00e0 de son design moderne, le pouf rectangulaire en b\u00e9ton architectonique se caract\u00e9rise par sa robustesse inh\u00e9rente. Con\u00e7u \u00e0 partir d&rsquo;un mat\u00e9riau solide, il offre une r\u00e9sistance exceptionnelle, assurant ainsi une durabilit\u00e9 \u00e0 long terme. Cette propri\u00e9t\u00e9 en fait un choix fiable, capable de r\u00e9sister aux exigences de l&rsquo;utilisation quotidienne tout en pr\u00e9servant son \u00e9l\u00e9gance.<\/p>\n<p>Cet objet contemporain va au-del\u00e0 de sa simple utilit\u00e9 pour devenir une v\u00e9ritable expression de votre style et de votre engagement envers l&rsquo;esth\u00e9tique moderne et la qualit\u00e9 durable.[\/vc_column_text][\/vc_column_inner][vc_column_inner width=\u00a0\u00bb1\/2&Prime;][vc_column_text]<\/p>\n<h3>G\u00e9om\u00e9trie<\/h3>\n<p>[\/vc_column_text][vc_single_image image=\u00a0\u00bb388&Prime; img_size=\u00a0\u00bbfull\u00a0\u00bb alignment=\u00a0\u00bbcenter\u00a0\u00bb][vc_column_text]<\/p>\n<h3>Materiaux et aspects de personnalisation en option<\/h3>\n<p>[\/vc_column_text][vc_column_text el_class=\u00a0\u00bbmateriaux-pouffe-menara\u00a0\u00bb]<\/p>\n<ul>\n<li>Bois<\/li>\n<li class=\"empty\">Inox<\/li>\n<li class=\"empty\">Pvc<\/li>\n<li>Led<\/li>\n<li>Gravure \u2018\u2019 Logo \u2018\u2019<\/li>\n<\/ul>\n<p>[\/vc_column_text][vc_column_text]<\/p>\n<h3>Couleurs<\/h3>\n<p>[\/vc_column_text][vc_column_text el_class=\u00a0\u00bbcouleurs-pouffe-menara\u00a0\u00bb]<\/p>\n<ul>\n<li>Gris anthracite<\/li>\n<li class=\"empty\">Gris clair<\/li>\n<li class=\"empty\">Rouge Brique<\/li>\n<li>Beige<\/li>\n<li>Couleurs sp\u00e9cifiques sur commande<\/li>\n<\/ul>\n<p>[\/vc_column_text][vc_column_text]<\/p>\n<h3>Fiche technique<\/h3>\n<p>[\/vc_column_text][vc_single_image image=\u00a0\u00bb389&Prime; img_size=\u00a0\u00bbfull\u00a0\u00bb][vc_column_text]<\/p>\n<h3>Textures &amp; finitions<\/h3>\n<p>[\/vc_column_text][vc_column_text]<\/p>\n<h4>Aspect d\u00e9coratif : Perles d\u00e9coratives<\/h4>\n<p>[\/vc_column_text][vc_single_image image=\u00a0\u00bb372&Prime; img_size=\u00a0\u00bb500&#215;71&Prime;][vc_column_text]<\/p>\n<h4>Aspect poli<\/h4>\n<p>[\/vc_column_text][vc_single_image image=\u00a0\u00bb373&Prime; img_size=\u00a0\u00bb200&#215;89&Prime;][vc_single_image image=\u00a0\u00bb1202&Prime; img_size=\u00a0\u00bbfull\u00a0\u00bb el_class=\u00a0\u00bbrevetium-img-final\u00a0\u00bb][\/vc_column_inner][\/vc_row_inner][vc_column_text]<\/p>\n<h2>Pouf Cylindrique :<\/h2>\n<p>45 cm x 45 cm | 250 kg[\/vc_column_text][vc_row_inner equal_height=\u00a0\u00bbyes\u00a0\u00bb css=\u00a0\u00bb.vc_custom_1709112048569{border-top-width: 1px !important;border-right-width: 1px !important;border-bottom-width: 1px !important;border-left-width: 1px !important;border-left-color: #a8a7a7 !important;border-left-style: solid !important;border-right-color: #a8a7a7 !important;border-right-style: solid !important;border-top-color: #a8a7a7 !important;border-top-style: solid !important;border-bottom-color: #a8a7a7 !important;border-bottom-style: solid !important;border-radius: 15px !important;}\u00a0\u00bb el_class=\u00a0\u00bbseparator-border\u00a0\u00bb][vc_column_inner width=\u00a0\u00bb1\/2&Prime;][vc_single_image image=\u00a0\u00bb1174&Prime; img_size=\u00a0\u00bb300&#215;300&Prime; alignment=\u00a0\u00bbcenter\u00a0\u00bb][vc_column_text]Le Pouf cylindrique en b\u00e9ton architectonique que nous proposons constitue une solution id\u00e9ale pour les espaces ext\u00e9rieurs. Alliant durabilit\u00e9 et \u00e9l\u00e9gance, ce mod\u00e8le a \u00e9t\u00e9 sp\u00e9cialement con\u00e7u pour s&rsquo;int\u00e9grer de mani\u00e8re esth\u00e9tique et discr\u00e8te au sol.<\/p>\n<p>Sa robustesse inh\u00e9rente en fait un choix id\u00e9al pour les environnements ext\u00e9rieurs, o\u00f9 il est expos\u00e9 aux \u00e9l\u00e9ments naturels. Le mat\u00e9riau durable utilis\u00e9 dans sa fabrication assure une r\u00e9sistance exceptionnelle aux conditions climatiques vari\u00e9es, garantissant ainsi sa long\u00e9vit\u00e9 dans le temps.[\/vc_column_text][\/vc_column_inner][vc_column_inner width=\u00a0\u00bb1\/2&Prime;][vc_column_text]<\/p>\n<h3>G\u00e9om\u00e9trie<\/h3>\n<p>[\/vc_column_text][vc_single_image image=\u00a0\u00bb394&Prime; img_size=\u00a0\u00bbfull\u00a0\u00bb alignment=\u00a0\u00bbcenter\u00a0\u00bb][vc_column_text]<\/p>\n<h3>Materiaux et aspects de personnalisation en option<\/h3>\n<p>[\/vc_column_text][vc_column_text el_class=\u00a0\u00bbmateriaux-pouffe-menara\u00a0\u00bb]<\/p>\n<ul>\n<li>Bois<\/li>\n<li class=\"empty\">Inox<\/li>\n<li class=\"empty\">Pvc<\/li>\n<li>Led<\/li>\n<li>Gravure \u2018\u2019 Logo \u2018\u2019<\/li>\n<\/ul>\n<p>[\/vc_column_text][vc_column_text]<\/p>\n<h3>Couleurs<\/h3>\n<p>[\/vc_column_text][vc_column_text el_class=\u00a0\u00bbcouleurs-pouffe-menara\u00a0\u00bb]<\/p>\n<ul>\n<li>Gris anthracite<\/li>\n<li class=\"empty\">Gris clair<\/li>\n<li class=\"empty\">Rouge Brique<\/li>\n<li>Beige<\/li>\n<li>Couleurs sp\u00e9cifiques sur commande<\/li>\n<\/ul>\n<p>[\/vc_column_text][vc_column_text]<\/p>\n<h3>Fiche technique<\/h3>\n<p>[\/vc_column_text][vc_single_image image=\u00a0\u00bb395&Prime; img_size=\u00a0\u00bbfull\u00a0\u00bb][vc_column_text]<\/p>\n<h3>Textures &amp; finitions<\/h3>\n<p>[\/vc_column_text][vc_column_text]<\/p>\n<h4>Aspect d\u00e9coratif : Perles d\u00e9coratives<\/h4>\n<p>[\/vc_column_text][vc_single_image image=\u00a0\u00bb372&Prime; img_size=\u00a0\u00bb500&#215;71&Prime;][vc_column_text]<\/p>\n<h4>Aspect poli<\/h4>\n<p>[\/vc_column_text][vc_single_image image=\u00a0\u00bb373&Prime; img_size=\u00a0\u00bb200&#215;89&Prime;][vc_single_image image=\u00a0\u00bb1203&Prime; img_size=\u00a0\u00bbfull\u00a0\u00bb el_class=\u00a0\u00bbrevetium-img-final\u00a0\u00bb][\/vc_column_inner][\/vc_row_inner]\n\t\t\t\t            <\/div>\n\t        \t\t\t<\/dd><dt class=\"\">\n\t        \t<a class=\"ult-tabto-actitle withBorder ult_a \" id=\"1709044371394-2-1\" style=\"color:#ffffff;;background-color:#a8a7a7;border-bottom-color:transparent;border-bottom-width:0px;border-bottom-style:solid;border-bottom-color:transparent;border-bottom-width:0px;border-bottom-style:solid;\" href=\"#1709044371394-2-1\">\n\t        \t\t<i class=\"accordion-icon\"><\/i>\n\t        \t\t\t<span class=\"ult_tab_main ult_ac_main ult_noacordicnBoth\">\n\n\t\t\t\t\t\t<span  data-ultimate-target='#advanced-tabs-wrap-6566 .ult-span-text'  data-responsive-json-new='{\"font-size\":\"desktop:15px;\",\"line-height\":\"\"}'  class=\"ult-span-text no_icon ult_acordian-text ult-responsive\" style=\";color:inherit \" >Bancs<\/span>\n\t\t\t\t\t\t<\/span><\/a><\/dt>\n\t            \t\t<dd class=\"ult-tabto-accordionItem ult-tabto-accolapsed\">\n\t\t\t\t            <div class=\"ult-tabto-acontent\" style=\"color:#74777b;\">\n\t\t\t\t               [vc_column_text]<\/p>\n<h2>Banc Socrate :<\/h2>\n<p>200 cm x 50 cm x 45 cm | 1040 kg[\/vc_column_text][vc_row_inner equal_height=\u00a0\u00bbyes\u00a0\u00bb css=\u00a0\u00bb.vc_custom_1709112057845{border-top-width: 1px !important;border-right-width: 1px !important;border-bottom-width: 1px !important;border-left-width: 1px !important;border-left-color: #a8a7a7 !important;border-right-color: #a8a7a7 !important;border-top-color: #a8a7a7 !important;border-bottom-color: #a8a7a7 !important;}\u00a0\u00bb el_class=\u00a0\u00bbseparator-border\u00a0\u00bb][vc_column_inner width=\u00a0\u00bb1\/2&Prime;][vc_single_image image=\u00a0\u00bb1177&Prime; img_size=\u00a0\u00bb300&#215;129&Prime; alignment=\u00a0\u00bbcenter\u00a0\u00bb][vc_column_text]Le banc Socrate Massif se distingue par sa conception singuli\u00e8re, adoptant la forme d&rsquo;un banc pos\u00e9. Sa structure monolithique, d&rsquo;une solidit\u00e9 in\u00e9branlable, se pr\u00e9sente sous la forme d&rsquo;un parall\u00e9l\u00e9pip\u00e8de. Chaque d\u00e9tail a fait l&rsquo;objet d&rsquo;une attention m\u00e9ticuleuse : les ar\u00eates et les coins sont d\u00e9licatement arrondis, offrant une surface d&rsquo;assise o\u00f9 chaque point pr\u00e9sente un rayon de courbure uniforme.<\/p>\n<p>Cette caract\u00e9ristique conf\u00e8re au banc non seulement une esth\u00e9tique soign\u00e9e, mais \u00e9galement une ergonomie qui assure un confort optimal \u00e0 ceux qui s&rsquo;y installent. Chaque aspect du design du banc Socrate Massif t\u00e9moigne d&rsquo;un \u00e9quilibre entre la robustesse de sa structure et le souci du d\u00e9tail pour cr\u00e9er une pi\u00e8ce aussi fonctionnelle qu&rsquo;\u00e9l\u00e9gante.[\/vc_column_text][\/vc_column_inner][vc_column_inner width=\u00a0\u00bb1\/2&Prime;][vc_column_text]<\/p>\n<h3>G\u00e9om\u00e9trie<\/h3>\n<p>[\/vc_column_text][vc_single_image image=\u00a0\u00bb404&Prime; img_size=\u00a0\u00bbfull\u00a0\u00bb alignment=\u00a0\u00bbcenter\u00a0\u00bb][vc_column_text]<\/p>\n<h3>Materiaux et aspects de personnalisation en option<\/h3>\n<p>[\/vc_column_text][vc_column_text el_class=\u00a0\u00bbmateriaux-pouffe-menara\u00a0\u00bb]<\/p>\n<ul>\n<li>Bois<\/li>\n<li class=\"empty\">Inox<\/li>\n<li class=\"empty\">Pvc<\/li>\n<li>Led<\/li>\n<li>Gravure \u2018\u2019 Logo \u2018\u2019<\/li>\n<\/ul>\n<p>[\/vc_column_text][vc_column_text]<\/p>\n<h3>Couleurs<\/h3>\n<p>[\/vc_column_text][vc_column_text el_class=\u00a0\u00bbcouleurs-pouffe-menara\u00a0\u00bb]<\/p>\n<ul>\n<li>Gris anthracite<\/li>\n<li class=\"empty\">Gris clair<\/li>\n<li class=\"empty\">Rouge Brique<\/li>\n<li>Beige<\/li>\n<li>Couleurs sp\u00e9cifiques sur commande<\/li>\n<\/ul>\n<p>[\/vc_column_text][vc_column_text]<\/p>\n<h3>Fiche technique<\/h3>\n<p>[\/vc_column_text][vc_single_image image=\u00a0\u00bb405&Prime; img_size=\u00a0\u00bbfull\u00a0\u00bb][vc_column_text]<\/p>\n<h3>Textures &amp; finitions<\/h3>\n<p>[\/vc_column_text][vc_column_text]<\/p>\n<h4>Aspect d\u00e9coratif : Perles d\u00e9coratives<\/h4>\n<p>[\/vc_column_text][vc_single_image image=\u00a0\u00bb372&Prime; img_size=\u00a0\u00bb500&#215;71&Prime;][vc_column_text]<\/p>\n<h4>Aspect poli<\/h4>\n<p>[\/vc_column_text][vc_single_image image=\u00a0\u00bb373&Prime; img_size=\u00a0\u00bb200&#215;89&Prime;][vc_single_image image=\u00a0\u00bb406&Prime; img_size=\u00a0\u00bbfull\u00a0\u00bb el_class=\u00a0\u00bbrevetium-img-final\u00a0\u00bb][\/vc_column_inner][\/vc_row_inner][vc_column_text]<\/p>\n<h2>Banc en U :<\/h2>\n<p>200 cm x 50 cm x 45 cm | 340 kg[\/vc_column_text][vc_row_inner equal_height=\u00a0\u00bbyes\u00a0\u00bb el_class=\u00a0\u00bbseparator-border\u00a0\u00bb][vc_column_inner width=\u00a0\u00bb1\/2&Prime;][vc_single_image image=\u00a0\u00bb1176&Prime; img_size=\u00a0\u00bb300&#215;101&Prime; alignment=\u00a0\u00bbcenter\u00a0\u00bb][vc_column_text]Le banc en U \u00e9merge comme une composante distinctive du mobilier urbain, apportant une fusion ing\u00e9nieuse de praticit\u00e9 et d&rsquo;esth\u00e9tisme aux espaces publics. Sa conception soigneusement \u00e9labor\u00e9e int\u00e8gre une structure en b\u00e9ton qui adopte une configuration en forme de U, conf\u00e9rant ainsi une identit\u00e9 visuelle remarquable \u00e0 son environnement.<\/p>\n<p>Cette pi\u00e8ce de mobilier urbain ne se limite pas simplement \u00e0 fournir un espace d&rsquo;assise fonctionnel, mais elle repr\u00e9sente \u00e9galement une d\u00e9claration architecturale. La courbe gracieuse du banc en U n&rsquo;est pas seulement esth\u00e9tiquement plaisante, mais elle s&rsquo;harmonise \u00e9galement avec les lignes modernes de l&rsquo;architecture urbaine. Cette int\u00e9gration subtile dans le paysage urbain contribue \u00e0 cr\u00e9er un espace public o\u00f9 l&rsquo;esth\u00e9tique et la fonctionnalit\u00e9 coexistent de mani\u00e8re harmonieuse.[\/vc_column_text][\/vc_column_inner][vc_column_inner width=\u00a0\u00bb1\/2&Prime;][vc_column_text]<\/p>\n<h3>G\u00e9om\u00e9trie<\/h3>\n<p>[\/vc_column_text][vc_single_image image=\u00a0\u00bb408&Prime; img_size=\u00a0\u00bbfull\u00a0\u00bb alignment=\u00a0\u00bbcenter\u00a0\u00bb][vc_column_text]<\/p>\n<h3>Materiaux et aspects de personnalisation en option<\/h3>\n<p>[\/vc_column_text][vc_column_text el_class=\u00a0\u00bbmateriaux-pouffe-menara\u00a0\u00bb]<\/p>\n<ul>\n<li>Bois<\/li>\n<li class=\"empty\">Inox<\/li>\n<li class=\"empty\">Pvc<\/li>\n<li>Led<\/li>\n<li>Gravure \u2018\u2019 Logo \u2018\u2019<\/li>\n<\/ul>\n<p>[\/vc_column_text][vc_column_text]<\/p>\n<h3>Couleurs<\/h3>\n<p>[\/vc_column_text][vc_column_text el_class=\u00a0\u00bbcouleurs-pouffe-menara\u00a0\u00bb]<\/p>\n<ul>\n<li>Gris anthracite<\/li>\n<li class=\"empty\">Gris clair<\/li>\n<li class=\"empty\">Rouge Brique<\/li>\n<li>Beige<\/li>\n<li>Couleurs sp\u00e9cifiques sur commande<\/li>\n<\/ul>\n<p>[\/vc_column_text][vc_column_text]<\/p>\n<h3>Fiche technique<\/h3>\n<p>[\/vc_column_text][vc_single_image image=\u00a0\u00bb409&Prime; img_size=\u00a0\u00bbfull\u00a0\u00bb][vc_column_text]<\/p>\n<h3>Textures &amp; finitions<\/h3>\n<p>[\/vc_column_text][vc_column_text]<\/p>\n<h4>Aspect d\u00e9coratif : Perles d\u00e9coratives<\/h4>\n<p>[\/vc_column_text][vc_single_image image=\u00a0\u00bb372&Prime; img_size=\u00a0\u00bb500&#215;71&Prime;][vc_column_text]<\/p>\n<h4>Aspect poli<\/h4>\n<p>[\/vc_column_text][vc_single_image image=\u00a0\u00bb373&Prime; img_size=\u00a0\u00bb200&#215;89&Prime;][vc_single_image image=\u00a0\u00bb1204&Prime; img_size=\u00a0\u00bbfull\u00a0\u00bb el_class=\u00a0\u00bbrevetium-img-final\u00a0\u00bb][\/vc_column_inner][\/vc_row_inner][vc_column_text]<\/p>\n<h2>Banc Woodstone :<\/h2>\n<p>200 cm x 40 cm x 45 cm | 520 kg[\/vc_column_text][vc_row_inner equal_height=\u00a0\u00bbyes\u00a0\u00bb el_class=\u00a0\u00bbseparator-border\u00a0\u00bb][vc_column_inner width=\u00a0\u00bb1\/2&Prime;][vc_single_image image=\u00a0\u00bb412&Prime; img_size=\u00a0\u00bb300&#215;65&Prime; alignment=\u00a0\u00bbcenter\u00a0\u00bb][vc_column_text]Le banc, con\u00e7u avec une structure en b\u00e9ton massif et une assise en bois, incarne l&rsquo;exemplarit\u00e9 d&rsquo;un meuble \u00e0 la fois robuste et esth\u00e9tiquement attrayant. Cette pi\u00e8ce unique r\u00e9sulte d&rsquo;une fusion minutieuse entre la solidit\u00e9 intrins\u00e8que du b\u00e9ton et la chaleur, ainsi que la beaut\u00e9 naturelle inimitable du bois.<\/p>\n<p>Au-del\u00e0 de sa fonction utilitaire, ce banc devient ainsi une pi\u00e8ce ma\u00eetresse dans tout environnement, que ce soit dans un jardin, sur une terrasse, ou m\u00eame \u00e0 l&rsquo;int\u00e9rieur d&rsquo;un espace moderne. Son design soigneusement \u00e9tudi\u00e9 r\u00e9unit les aspects pratiques et esth\u00e9tiques, offrant un \u00e9quilibre parfait entre la force brute du b\u00e9ton et la d\u00e9licatesse naturelle du bois. En somme, ce meuble repr\u00e9sente une fusion r\u00e9ussie de la forme et de la fonction, ajoutant une note distinctive et raffin\u00e9e \u00e0 tout espace o\u00f9 il trouve sa place.[\/vc_column_text][\/vc_column_inner][vc_column_inner width=\u00a0\u00bb1\/2&Prime;][vc_column_text]<\/p>\n<h3>G\u00e9om\u00e9trie<\/h3>\n<p>[\/vc_column_text][vc_single_image image=\u00a0\u00bb413&Prime; img_size=\u00a0\u00bbfull\u00a0\u00bb alignment=\u00a0\u00bbcenter\u00a0\u00bb][vc_column_text]<\/p>\n<h3>Materiaux et aspects de personnalisation en option<\/h3>\n<p>[\/vc_column_text][vc_column_text el_class=\u00a0\u00bbmateriaux-pouffe-menara\u00a0\u00bb]<\/p>\n<ul>\n<li>Bois<\/li>\n<li class=\"empty\">Inox<\/li>\n<li class=\"empty\">Pvc<\/li>\n<li>Led<\/li>\n<li>Gravure \u2018\u2019 Logo \u2018\u2019<\/li>\n<\/ul>\n<p>[\/vc_column_text][vc_column_text]<\/p>\n<h3>Couleurs<\/h3>\n<p>[\/vc_column_text][vc_column_text el_class=\u00a0\u00bbcouleurs-pouffe-menara\u00a0\u00bb]<\/p>\n<ul>\n<li>Gris anthracite<\/li>\n<li class=\"empty\">Gris clair<\/li>\n<li class=\"empty\">Rouge Brique<\/li>\n<li>Beige<\/li>\n<li>Couleurs sp\u00e9cifiques sur commande<\/li>\n<\/ul>\n<p>[\/vc_column_text][vc_column_text]<\/p>\n<h3>Fiche technique<\/h3>\n<p>[\/vc_column_text][vc_single_image image=\u00a0\u00bb414&Prime; img_size=\u00a0\u00bbfull\u00a0\u00bb][vc_column_text]<\/p>\n<h3>Textures &amp; finitions<\/h3>\n<p>[\/vc_column_text][vc_column_text]<\/p>\n<h4>Aspect d\u00e9coratif : Perles d\u00e9coratives<\/h4>\n<p>[\/vc_column_text][vc_single_image image=\u00a0\u00bb372&Prime; img_size=\u00a0\u00bb500&#215;71&Prime;][vc_column_text]<\/p>\n<h4>Aspect poli<\/h4>\n<p>[\/vc_column_text][vc_single_image image=\u00a0\u00bb373&Prime; img_size=\u00a0\u00bb200&#215;89&Prime;][vc_single_image image=\u00a0\u00bb1205&Prime; img_size=\u00a0\u00bbfull\u00a0\u00bb el_class=\u00a0\u00bbrevetium-img-final\u00a0\u00bb][\/vc_column_inner][\/vc_row_inner][vc_column_text]<\/p>\n<h2>Banc Galet :<\/h2>\n<p>130 cm x 130 cm x 35 cm | 1000 kg[\/vc_column_text][vc_row_inner equal_height=\u00a0\u00bbyes\u00a0\u00bb el_class=\u00a0\u00bbseparator-border\u00a0\u00bb][vc_column_inner width=\u00a0\u00bb1\/2&Prime;][vc_single_image image=\u00a0\u00bb1178&Prime; img_size=\u00a0\u00bb300&#215;135&Prime; alignment=\u00a0\u00bbcenter\u00a0\u00bb][vc_column_text]Le banc galet en b\u00e9ton repr\u00e9sente une pi\u00e8ce exceptionnelle de mobilier urbain qui r\u00e9ussit \u00e0 fusionner de mani\u00e8re \u00e9quilibr\u00e9e fonctionnalit\u00e9 pratique et esth\u00e9tisme organique. Sa conception, puisant son inspiration dans les formes naturelles des galets, s&rsquo;\u00e9l\u00e8ve au-del\u00e0 de la simple utilit\u00e9 pour devenir une v\u00e9ritable \u0153uvre d&rsquo;art qui apporte une dimension distinctive \u00e0 tout environnement urbain.<\/p>\n<p>Ce banc, par sa forme ergonomique, offre une assise d&rsquo;un confort remarquable, invitant les passants \u00e0 s&rsquo;y d\u00e9tendre et \u00e0 profiter du paysage urbain qui l&rsquo;entoure. La mat\u00e9rialit\u00e9 robuste du b\u00e9ton, alli\u00e9e \u00e0 la douceur des lignes \u00e9pur\u00e9es du design, cr\u00e9e une symbiose visuelle captivante. Chaque d\u00e9tail du banc galet semble \u00eatre m\u00e9ticuleusement pens\u00e9 pour \u00e9voquer l&rsquo;authenticit\u00e9 et la simplicit\u00e9 de la nature, tout en s&rsquo;int\u00e9grant harmonieusement \u00e0 l&rsquo;architecture moderne et \u00e0 l&rsquo;urbanisme contemporain.[\/vc_column_text][\/vc_column_inner][vc_column_inner width=\u00a0\u00bb1\/2&Prime;][vc_column_text]<\/p>\n<h3>G\u00e9om\u00e9trie<\/h3>\n<p>[\/vc_column_text][vc_single_image image=\u00a0\u00bb419&Prime; img_size=\u00a0\u00bbfull\u00a0\u00bb alignment=\u00a0\u00bbcenter\u00a0\u00bb][vc_column_text]<\/p>\n<h3>Materiaux et aspects de personnalisation en option<\/h3>\n<p>[\/vc_column_text][vc_column_text el_class=\u00a0\u00bbmateriaux-pouffe-menara\u00a0\u00bb]<\/p>\n<ul>\n<li>Bois<\/li>\n<li class=\"empty\">Inox<\/li>\n<li class=\"empty\">Pvc<\/li>\n<li>Led<\/li>\n<li>Gravure \u2018\u2019 Logo \u2018\u2019<\/li>\n<\/ul>\n<p>[\/vc_column_text][vc_column_text]<\/p>\n<h3>Couleurs<\/h3>\n<p>[\/vc_column_text][vc_column_text el_class=\u00a0\u00bbcouleurs-pouffe-menara\u00a0\u00bb]<\/p>\n<ul>\n<li>Gris anthracite<\/li>\n<li class=\"empty\">Gris clair<\/li>\n<li class=\"empty\">Rouge Brique<\/li>\n<li>Beige<\/li>\n<li>Couleurs sp\u00e9cifiques sur commande<\/li>\n<\/ul>\n<p>[\/vc_column_text][vc_column_text]<\/p>\n<h3>Fiche technique<\/h3>\n<p>[\/vc_column_text][vc_single_image image=\u00a0\u00bb418&Prime; img_size=\u00a0\u00bbfull\u00a0\u00bb][vc_column_text]<\/p>\n<h3>Textures &amp; finitions<\/h3>\n<p>[\/vc_column_text][vc_column_text]<\/p>\n<h4>Aspect d\u00e9coratif : Perles d\u00e9coratives<\/h4>\n<p>[\/vc_column_text][vc_single_image image=\u00a0\u00bb372&Prime; img_size=\u00a0\u00bb500&#215;71&Prime;][vc_column_text]<\/p>\n<h4>Aspect poli<\/h4>\n<p>[\/vc_column_text][vc_single_image image=\u00a0\u00bb373&Prime; img_size=\u00a0\u00bb200&#215;89&Prime;][vc_single_image image=\u00a0\u00bb1206&Prime; img_size=\u00a0\u00bbfull\u00a0\u00bb el_class=\u00a0\u00bbrevetium-img-final\u00a0\u00bb][\/vc_column_inner][\/vc_row_inner][vc_column_text]<\/p>\n<h2>Banc Massif avec assise en bois :<\/h2>\n<p>240 cm x 60 cm x 45 cm | 1560 kg[\/vc_column_text][vc_row_inner equal_height=\u00a0\u00bbyes\u00a0\u00bb el_class=\u00a0\u00bbseparator-border\u00a0\u00bb][vc_column_inner width=\u00a0\u00bb1\/2&Prime;][vc_single_image image=\u00a0\u00bb1180&Prime; img_size=\u00a0\u00bb300&#215;87&Prime; alignment=\u00a0\u00bbcenter\u00a0\u00bb][vc_column_text]Le banc constitu\u00e9 d&rsquo;une structure en b\u00e9ton massif et d&rsquo;une assise en bois repr\u00e9sente un mobilier \u00e0 la fois r\u00e9sistant et esth\u00e9tiquement agr\u00e9able, fusionnant la robustesse inh\u00e9rente au mat\u00e9riau en b\u00e9ton avec la chaleur et la beaut\u00e9 naturelle du bois.<\/p>\n<p>Cette conception allie les propri\u00e9t\u00e9s m\u00e9caniques avantageuses du b\u00e9ton, assurant une durabilit\u00e9 exceptionnelle, avec l&rsquo;attrait visuel et sensoriel du bois, cr\u00e9ant ainsi un \u00e9quilibre harmonieux entre fonctionnalit\u00e9 et esth\u00e9tique. La juxtaposition de ces mat\u00e9riaux distincts offre non seulement une solution de mobilier durable, mais \u00e9galement une expression artistique qui s&rsquo;int\u00e8gre de mani\u00e8re \u00e9l\u00e9gante dans divers environnements ext\u00e9rieurs.[\/vc_column_text][\/vc_column_inner][vc_column_inner width=\u00a0\u00bb1\/2&Prime;][vc_column_text]<\/p>\n<h3>G\u00e9om\u00e9trie<\/h3>\n<p>[\/vc_column_text][vc_single_image image=\u00a0\u00bb423&Prime; img_size=\u00a0\u00bbfull\u00a0\u00bb alignment=\u00a0\u00bbcenter\u00a0\u00bb][vc_column_text]<\/p>\n<h3>Materiaux et aspects de personnalisation en option<\/h3>\n<p>[\/vc_column_text][vc_column_text el_class=\u00a0\u00bbmateriaux-pouffe-menara\u00a0\u00bb]<\/p>\n<ul>\n<li>Bois<\/li>\n<li class=\"empty\">Inox<\/li>\n<li class=\"empty\">Pvc<\/li>\n<li>Led<\/li>\n<li>Gravure \u2018\u2019 Logo \u2018\u2019<\/li>\n<\/ul>\n<p>[\/vc_column_text][vc_column_text]<\/p>\n<h3>Couleurs<\/h3>\n<p>[\/vc_column_text][vc_column_text el_class=\u00a0\u00bbcouleurs-pouffe-menara\u00a0\u00bb]<\/p>\n<ul>\n<li>Gris anthracite<\/li>\n<li class=\"empty\">Gris clair<\/li>\n<li class=\"empty\">Rouge Brique<\/li>\n<li>Beige<\/li>\n<li>Couleurs sp\u00e9cifiques sur commande<\/li>\n<\/ul>\n<p>[\/vc_column_text][vc_column_text]<\/p>\n<h3>Fiche technique<\/h3>\n<p>[\/vc_column_text][vc_single_image image=\u00a0\u00bb422&Prime; img_size=\u00a0\u00bbfull\u00a0\u00bb][vc_column_text]<\/p>\n<h3>Textures &amp; finitions<\/h3>\n<p>[\/vc_column_text][vc_column_text]<\/p>\n<h4>Aspect d\u00e9coratif : Perles d\u00e9coratives<\/h4>\n<p>[\/vc_column_text][vc_single_image image=\u00a0\u00bb372&Prime; img_size=\u00a0\u00bb500&#215;71&Prime;][vc_column_text]<\/p>\n<h4>Aspect poli<\/h4>\n<p>[\/vc_column_text][vc_single_image image=\u00a0\u00bb373&Prime; img_size=\u00a0\u00bb200&#215;89&Prime;][vc_single_image image=\u00a0\u00bb1207&Prime; img_size=\u00a0\u00bbfull\u00a0\u00bb el_class=\u00a0\u00bbrevetium-img-final\u00a0\u00bb][\/vc_column_inner][\/vc_row_inner][vc_column_text]<\/p>\n<h2>Banc Vague :<\/h2>\n<p>126 cm x 45 cm x 45 cm | 600 kg[\/vc_column_text][vc_row_inner equal_height=\u00a0\u00bbyes\u00a0\u00bb el_class=\u00a0\u00bbseparator-border\u00a0\u00bb][vc_column_inner width=\u00a0\u00bb1\/2&Prime;][vc_single_image image=\u00a0\u00bb1182&Prime; img_size=\u00a0\u00bb300&#215;134&Prime; alignment=\u00a0\u00bbcenter\u00a0\u00bb][vc_column_text]L&rsquo;esth\u00e9tique du banc vague ne se limite pas \u00e0 sa forme ext\u00e9rieure, mais s&rsquo;\u00e9tend \u00e9galement \u00e0 la mani\u00e8re dont il s&rsquo;int\u00e8gre dans son contexte. Que ce soit au c\u0153ur d&rsquo;un parc verdoyant, sur une place anim\u00e9e ou le long d&rsquo;une promenade riveraine, le banc vague s&rsquo;adapte avec gr\u00e2ce \u00e0 son environnement.<\/p>\n<p>En somme, le banc vague se pr\u00e9sente comme bien plus qu&rsquo;un simple mobilier urbain fonctionnel , il incarne une philosophie de design qui vise \u00e0 \u00e9lever l&rsquo;exp\u00e9rience urbaine en alliant praticit\u00e9 et esth\u00e9tisme, ajoutant ainsi une dimension artistique aux lieux qu&rsquo;il habite.[\/vc_column_text][\/vc_column_inner][vc_column_inner width=\u00a0\u00bb1\/2&Prime;][vc_column_text]<\/p>\n<h3>G\u00e9om\u00e9trie<\/h3>\n<p>[\/vc_column_text][vc_single_image image=\u00a0\u00bb427&Prime; img_size=\u00a0\u00bbfull\u00a0\u00bb alignment=\u00a0\u00bbcenter\u00a0\u00bb][vc_column_text]<\/p>\n<h3>Materiaux et aspects de personnalisation en option<\/h3>\n<p>[\/vc_column_text][vc_column_text el_class=\u00a0\u00bbmateriaux-pouffe-menara\u00a0\u00bb]<\/p>\n<ul>\n<li>Bois<\/li>\n<li class=\"empty\">Inox<\/li>\n<li class=\"empty\">Pvc<\/li>\n<li>Led<\/li>\n<li>Gravure \u2018\u2019 Logo \u2018\u2019<\/li>\n<\/ul>\n<p>[\/vc_column_text][vc_column_text]<\/p>\n<h3>Couleurs<\/h3>\n<p>[\/vc_column_text][vc_column_text el_class=\u00a0\u00bbcouleurs-pouffe-menara\u00a0\u00bb]<\/p>\n<ul>\n<li>Gris anthracite<\/li>\n<li class=\"empty\">Gris clair<\/li>\n<li class=\"empty\">Rouge Brique<\/li>\n<li>Beige<\/li>\n<li>Couleurs sp\u00e9cifiques sur commande<\/li>\n<\/ul>\n<p>[\/vc_column_text][vc_column_text]<\/p>\n<h3>Fiche technique<\/h3>\n<p>[\/vc_column_text][vc_single_image image=\u00a0\u00bb426&Prime; img_size=\u00a0\u00bbfull\u00a0\u00bb][vc_column_text]<\/p>\n<h3>Textures &amp; finitions<\/h3>\n<p>[\/vc_column_text][vc_column_text]<\/p>\n<h4>Aspect d\u00e9coratif : Perles d\u00e9coratives<\/h4>\n<p>[\/vc_column_text][vc_single_image image=\u00a0\u00bb372&Prime; img_size=\u00a0\u00bb500&#215;71&Prime;][vc_column_text]<\/p>\n<h4>Aspect poli<\/h4>\n<p>[\/vc_column_text][vc_single_image image=\u00a0\u00bb373&Prime; img_size=\u00a0\u00bb200&#215;89&Prime;][vc_single_image image=\u00a0\u00bb1208&Prime; img_size=\u00a0\u00bbfull\u00a0\u00bb el_class=\u00a0\u00bbrevetium-img-final\u00a0\u00bb][\/vc_column_inner][\/vc_row_inner]\n\t\t\t\t            <\/div>\n\t        \t\t\t<\/dd><dt class=\"\">\n\t        \t<a class=\"ult-tabto-actitle withBorder ult_a \" id=\"1709045910035-2-4\" style=\"color:#ffffff;;background-color:#a8a7a7;border-bottom-color:transparent;border-bottom-width:0px;border-bottom-style:solid;border-bottom-color:transparent;border-bottom-width:0px;border-bottom-style:solid;border-bottom-color:transparent;border-bottom-width:0px;border-bottom-style:solid;\" href=\"#1709045910035-2-4\">\n\t        \t\t<i class=\"accordion-icon\"><\/i>\n\t        \t\t\t<span class=\"ult_tab_main ult_ac_main ult_noacordicnBoth\">\n\n\t\t\t\t\t\t<span  data-ultimate-target='#advanced-tabs-wrap-6566 .ult-span-text'  data-responsive-json-new='{\"font-size\":\"desktop:15px;\",\"line-height\":\"\"}'  class=\"ult-span-text no_icon ult_acordian-text ult-responsive\" style=\";color:inherit \" >Jardinni\u00e8res<\/span>\n\t\t\t\t\t\t<\/span><\/a><\/dt>\n\t            \t\t<dd class=\"ult-tabto-accordionItem ult-tabto-accolapsed\">\n\t\t\t\t            <div class=\"ult-tabto-acontent\" style=\"color:#74777b;\">\n\t\t\t\t               [vc_column_text]<\/p>\n<h2>Jardini\u00e8re Cylindrique :<\/h2>\n<p>67 cm x 86 cm x 8 cm | 360 kg | 100 L[\/vc_column_text][vc_row_inner equal_height=\u00a0\u00bbyes\u00a0\u00bb el_class=\u00a0\u00bbseparator-border\u00a0\u00bb][vc_column_inner width=\u00a0\u00bb1\/2&Prime;][vc_single_image image=\u00a0\u00bb1186&Prime; img_size=\u00a0\u00bb300&#215;448&Prime; alignment=\u00a0\u00bbcenter\u00a0\u00bb][vc_column_text]La jardini\u00e8re de forme cylindrique repr\u00e9sente une solution \u00e0 la fois chic et fonctionnelle pour sublimer vos plantes, tout en insufflant une touche de modernit\u00e9 \u00e0 vos espaces ext\u00e9rieurs. Gr\u00e2ce \u00e0 son design \u00e9l\u00e9gant, elle permet de mettre en avant la beaut\u00e9 naturelle des v\u00e9g\u00e9taux tout en s&rsquo;int\u00e9grant harmonieusement dans un environnement contemporain. Avec cette option, vous combinez l&rsquo;esth\u00e9tisme et la praticit\u00e9, cr\u00e9ant ainsi un \u00e9quilibre parfait entre l&rsquo;aspect naturel et l&rsquo;aspect fonctionnel de votre am\u00e9nagement ext\u00e9rieur.[\/vc_column_text][\/vc_column_inner][vc_column_inner width=\u00a0\u00bb1\/2&Prime;][vc_column_text]<\/p>\n<h3>G\u00e9om\u00e9trie<\/h3>\n<p>[\/vc_column_text][vc_single_image image=\u00a0\u00bb452&Prime; img_size=\u00a0\u00bbfull\u00a0\u00bb alignment=\u00a0\u00bbcenter\u00a0\u00bb][vc_column_text]<\/p>\n<h3>Materiaux et aspects de personnalisation en option<\/h3>\n<p>[\/vc_column_text][vc_column_text el_class=\u00a0\u00bbmateriaux-pouffe-menara\u00a0\u00bb]<\/p>\n<ul>\n<li>Bois<\/li>\n<li class=\"empty\">Inox<\/li>\n<li class=\"empty\">Pvc<\/li>\n<li>Led<\/li>\n<li>Gravure \u2018\u2019 Logo \u2018\u2019<\/li>\n<\/ul>\n<p>[\/vc_column_text][vc_column_text]<\/p>\n<h3>Couleurs<\/h3>\n<p>[\/vc_column_text][vc_column_text el_class=\u00a0\u00bbcouleurs-pouffe-menara\u00a0\u00bb]<\/p>\n<ul>\n<li>Gris anthracite<\/li>\n<li class=\"empty\">Gris clair<\/li>\n<li class=\"empty\">Rouge Brique<\/li>\n<li>Beige<\/li>\n<li>Couleurs sp\u00e9cifiques sur commande<\/li>\n<\/ul>\n<p>[\/vc_column_text][vc_column_text]<\/p>\n<h3>Fiche technique<\/h3>\n<p>[\/vc_column_text][vc_single_image image=\u00a0\u00bb451&Prime; img_size=\u00a0\u00bbfull\u00a0\u00bb][vc_column_text]<\/p>\n<h3>Textures &amp; finitions<\/h3>\n<p>[\/vc_column_text][vc_column_text]<\/p>\n<h4>Aspect d\u00e9coratif : Perles d\u00e9coratives<\/h4>\n<p>[\/vc_column_text][vc_single_image image=\u00a0\u00bb372&Prime; img_size=\u00a0\u00bb500&#215;71&Prime;][vc_column_text]<\/p>\n<h4>Aspect poli<\/h4>\n<p>[\/vc_column_text][vc_single_image image=\u00a0\u00bb373&Prime; img_size=\u00a0\u00bb200&#215;89&Prime;][vc_single_image image=\u00a0\u00bb1210&Prime; img_size=\u00a0\u00bbfull\u00a0\u00bb el_class=\u00a0\u00bbrevetium-img-final\u00a0\u00bb][\/vc_column_inner][\/vc_row_inner][vc_column_text]<\/p>\n<h2>Jardini\u00e8re Carr\u00e9e :<\/h2>\n<p>50 cm x 50 cm x 80 cm | 140 kg | 115 L[\/vc_column_text][vc_row_inner equal_height=\u00a0\u00bbyes\u00a0\u00bb el_class=\u00a0\u00bbseparator-border\u00a0\u00bb][vc_column_inner width=\u00a0\u00bb1\/2&Prime;][vc_single_image image=\u00a0\u00bb1184&Prime; img_size=\u00a0\u00bb300&#215;504&Prime; alignment=\u00a0\u00bbcenter\u00a0\u00bb][vc_column_text]La jardini\u00e8re carr\u00e9e repr\u00e9sente une solution \u00e0 la fois raffin\u00e9e et fonctionnelle pour sublimer la beaut\u00e9 des plantes tout en insufflant une esth\u00e9tique contemporaine aux environnements ext\u00e9rieurs. En combinant \u00e9l\u00e9gance et praticit\u00e9, elle constitue un moyen distinctif d&#8217;embellir les espaces verts, cr\u00e9ant ainsi une atmosph\u00e8re moderne et soign\u00e9e. En offrant un cadre d\u00e9limit\u00e9 et g\u00e9om\u00e9trique, la jardini\u00e8re carr\u00e9e permet de structurer l&rsquo;am\u00e9nagement paysager, apportant une harmonie visuelle tout en facilitant la gestion et l&rsquo;entretien des plantes.<\/p>\n<p>Avec son design \u00e9pur\u00e9, elle s&rsquo;int\u00e8gre harmonieusement dans diff\u00e9rents styles d&rsquo;ext\u00e9rieurs, offrant ainsi une solution polyvalente et esth\u00e9tiquement agr\u00e9able pour enrichir les espaces ext\u00e9rieurs de mani\u00e8re durable.[\/vc_column_text][\/vc_column_inner][vc_column_inner width=\u00a0\u00bb1\/2&Prime;][vc_column_text]<\/p>\n<h3>G\u00e9om\u00e9trie<\/h3>\n<p>[\/vc_column_text][vc_single_image image=\u00a0\u00bb455&Prime; img_size=\u00a0\u00bbfull\u00a0\u00bb alignment=\u00a0\u00bbcenter\u00a0\u00bb][vc_column_text]<\/p>\n<h3>Materiaux et aspects de personnalisation en option<\/h3>\n<p>[\/vc_column_text][vc_column_text el_class=\u00a0\u00bbmateriaux-pouffe-menara\u00a0\u00bb]<\/p>\n<ul>\n<li>Bois<\/li>\n<li class=\"empty\">Inox<\/li>\n<li class=\"empty\">Pvc<\/li>\n<li>Led<\/li>\n<li>Gravure \u2018\u2019 Logo \u2018\u2019<\/li>\n<\/ul>\n<p>[\/vc_column_text][vc_column_text]<\/p>\n<h3>Couleurs<\/h3>\n<p>[\/vc_column_text][vc_column_text el_class=\u00a0\u00bbcouleurs-pouffe-menara\u00a0\u00bb]<\/p>\n<ul>\n<li>Gris anthracite<\/li>\n<li class=\"empty\">Gris clair<\/li>\n<li class=\"empty\">Rouge Brique<\/li>\n<li>Beige<\/li>\n<li>Couleurs sp\u00e9cifiques sur commande<\/li>\n<\/ul>\n<p>[\/vc_column_text][vc_column_text]<\/p>\n<h3>Fiche technique<\/h3>\n<p>[\/vc_column_text][vc_single_image image=\u00a0\u00bb454&Prime; img_size=\u00a0\u00bbfull\u00a0\u00bb][vc_column_text]<\/p>\n<h3>Textures &amp; finitions<\/h3>\n<p>[\/vc_column_text][vc_column_text]<\/p>\n<h4>Aspect d\u00e9coratif : Perles d\u00e9coratives<\/h4>\n<p>[\/vc_column_text][vc_single_image image=\u00a0\u00bb372&Prime; img_size=\u00a0\u00bb500&#215;71&Prime;][vc_column_text]<\/p>\n<h4>Aspect poli<\/h4>\n<p>[\/vc_column_text][vc_single_image image=\u00a0\u00bb373&Prime; img_size=\u00a0\u00bb200&#215;89&Prime;][vc_single_image image=\u00a0\u00bb1211&Prime; img_size=\u00a0\u00bbfull\u00a0\u00bb el_class=\u00a0\u00bbrevetium-img-final\u00a0\u00bb][\/vc_column_inner][\/vc_row_inner][vc_column_text]<\/p>\n<h2>Jardini\u00e8re Carr\u00e9e Arrondi :<\/h2>\n<p>45 cm x 45 cm x 45 cm | 70 kg[\/vc_column_text][vc_row_inner equal_height=\u00a0\u00bbyes\u00a0\u00bb el_class=\u00a0\u00bbseparator-border\u00a0\u00bb][vc_column_inner width=\u00a0\u00bb1\/2&Prime;][vc_single_image image=\u00a0\u00bb1185&Prime; img_size=\u00a0\u00bb300&#215;333&Prime; alignment=\u00a0\u00bbcenter\u00a0\u00bb][vc_column_text]Cette jardini\u00e8re en b\u00e9ton, par sa nature architectonique, alliant la force inh\u00e9rente du mat\u00e9riau \u00e0 une esth\u00e9tique visuelle sophistiqu\u00e9e. Les coins arrondis apportent une douceur \u00e0 la structure globale, \u00e9quilibrant l&rsquo;aust\u00e9rit\u00e9 du b\u00e9ton avec une \u00e9l\u00e9gance subtile. Cette jardini\u00e8re trouve ainsi sa place aussi bien dans des designs urbains que dans des jardins plus naturels, ajoutant une dimension artistique \u00e0 l&rsquo;exp\u00e9rience v\u00e9g\u00e9tale.[\/vc_column_text][\/vc_column_inner][vc_column_inner width=\u00a0\u00bb1\/2&Prime;][vc_column_text]<\/p>\n<h3>G\u00e9om\u00e9trie<\/h3>\n<p>[\/vc_column_text][vc_single_image image=\u00a0\u00bb460&Prime; img_size=\u00a0\u00bbfull\u00a0\u00bb alignment=\u00a0\u00bbcenter\u00a0\u00bb][vc_column_text]<\/p>\n<h3>Materiaux et aspects de personnalisation en option<\/h3>\n<p>[\/vc_column_text][vc_column_text el_class=\u00a0\u00bbmateriaux-pouffe-menara\u00a0\u00bb]<\/p>\n<ul>\n<li>Bois<\/li>\n<li class=\"empty\">Inox<\/li>\n<li class=\"empty\">Pvc<\/li>\n<li>Led<\/li>\n<li>Gravure \u2018\u2019 Logo \u2018\u2019<\/li>\n<\/ul>\n<p>[\/vc_column_text][vc_column_text]<\/p>\n<h3>Couleurs<\/h3>\n<p>[\/vc_column_text][vc_column_text el_class=\u00a0\u00bbcouleurs-pouffe-menara\u00a0\u00bb]<\/p>\n<ul>\n<li>Gris anthracite<\/li>\n<li class=\"empty\">Gris clair<\/li>\n<li class=\"empty\">Rouge Brique<\/li>\n<li>Beige<\/li>\n<li>Couleurs sp\u00e9cifiques sur commande<\/li>\n<\/ul>\n<p>[\/vc_column_text][vc_column_text]<\/p>\n<h3>Fiche technique<\/h3>\n<p>[\/vc_column_text][vc_single_image image=\u00a0\u00bb461&Prime; img_size=\u00a0\u00bbfull\u00a0\u00bb][vc_column_text]<\/p>\n<h3>Textures &amp; finitions<\/h3>\n<p>[\/vc_column_text][vc_column_text]<\/p>\n<h4>Aspect d\u00e9coratif : Perles d\u00e9coratives<\/h4>\n<p>[\/vc_column_text][vc_single_image image=\u00a0\u00bb372&Prime; img_size=\u00a0\u00bb500&#215;71&Prime;][vc_column_text]<\/p>\n<h4>Aspect poli<\/h4>\n<p>[\/vc_column_text][vc_single_image image=\u00a0\u00bb373&Prime; img_size=\u00a0\u00bb200&#215;89&Prime;][vc_single_image image=\u00a0\u00bb1212&Prime; img_size=\u00a0\u00bbfull\u00a0\u00bb el_class=\u00a0\u00bbrevetium-img-final\u00a0\u00bb][\/vc_column_inner][\/vc_row_inner]\n\t\t\t\t            <\/div>\n\t        \t\t\t<\/dd><dt class=\"\">\n\t        \t<a class=\"ult-tabto-actitle withBorder ult_a \" id=\"1709046479521-3-10\" style=\"color:#ffffff;;background-color:#a8a7a7;border-bottom-color:transparent;border-bottom-width:0px;border-bottom-style:solid;border-bottom-color:transparent;border-bottom-width:0px;border-bottom-style:solid;border-bottom-color:transparent;border-bottom-width:0px;border-bottom-style:solid;border-bottom-color:transparent;border-bottom-width:0px;border-bottom-style:solid;\" href=\"#1709046479521-3-10\">\n\t        \t\t<i class=\"accordion-icon\"><\/i>\n\t        \t\t\t<span class=\"ult_tab_main ult_ac_main ult_noacordicnBoth\">\n\n\t\t\t\t\t\t<span  data-ultimate-target='#advanced-tabs-wrap-6566 .ult-span-text'  data-responsive-json-new='{\"font-size\":\"desktop:15px;\",\"line-height\":\"\"}'  class=\"ult-span-text no_icon ult_acordian-text ult-responsive\" style=\";color:inherit \" >Corbeilles<\/span>\n\t\t\t\t\t\t<\/span><\/a><\/dt>\n\t            \t\t<dd class=\"ult-tabto-accordionItem ult-tabto-accolapsed\">\n\t\t\t\t            <div class=\"ult-tabto-acontent\" style=\"color:#74777b;\">\n\t\t\t\t               [vc_column_text]<\/p>\n<h2>Corbeille Cylindrique :<\/h2>\n<p>67 cm x 86 cm x 8 cm | 360 kg | 100 L[\/vc_column_text][vc_row_inner equal_height=\u00a0\u00bbyes\u00a0\u00bb el_class=\u00a0\u00bbseparator-border\u00a0\u00bb][vc_column_inner width=\u00a0\u00bb1\/2&Prime;][vc_single_image image=\u00a0\u00bb1188&Prime; img_size=\u00a0\u00bb300&#215;449&Prime; alignment=\u00a0\u00bbcenter\u00a0\u00bb][vc_column_text]Le choix du b\u00e9ton architectonique pour la r\u00e9alisation de cette corbeille conf\u00e8re \u00e0 l&rsquo;ensemble une solidit\u00e9 \u00e0 toute \u00e9preuve, tout en offrant une surface lisse et \u00e9l\u00e9gante. La forme cylindrique, s\u00e9lectionn\u00e9e avec soin, s&rsquo;int\u00e8gre de mani\u00e8re organique dans divers environnements, que ce soit dans des espaces urbains contemporains, des parcs paisibles ou des zones commerciales anim\u00e9es.<\/p>\n<p>Outre son attrait visuel, la corbeille cylindrique en b\u00e9ton architectonique r\u00e9pond aux exigences pratiques et fonctionnelles d&rsquo;un mobilier urbain de qualit\u00e9. Sa capacit\u00e9 \u00e0 r\u00e9sister aux intemp\u00e9ries, sa durabilit\u00e9 exceptionnelle et son entretien facile en font un choix id\u00e9al pour les espaces publics fr\u00e9quent\u00e9s. De plus, la corbeille est con\u00e7ue de mani\u00e8re \u00e0 int\u00e9grer de mani\u00e8re transparente des sacs poubelles standards, simplifiant ainsi la gestion des d\u00e9chets au quotidien.[\/vc_column_text][\/vc_column_inner][vc_column_inner width=\u00a0\u00bb1\/2&Prime;][vc_column_text]<\/p>\n<h3>G\u00e9om\u00e9trie<\/h3>\n<p>[\/vc_column_text][vc_single_image image=\u00a0\u00bb443&Prime; img_size=\u00a0\u00bbfull\u00a0\u00bb alignment=\u00a0\u00bbcenter\u00a0\u00bb][vc_column_text]<\/p>\n<h3>Materiaux et aspects de personnalisation en option<\/h3>\n<p>[\/vc_column_text][vc_column_text el_class=\u00a0\u00bbmateriaux-pouffe-menara\u00a0\u00bb]<\/p>\n<ul>\n<li>Bois<\/li>\n<li class=\"empty\">Inox<\/li>\n<li class=\"empty\">Pvc<\/li>\n<li>Led<\/li>\n<li>Gravure \u2018\u2019 Logo \u2018\u2019<\/li>\n<\/ul>\n<p>[\/vc_column_text][vc_column_text]<\/p>\n<h3>Couleurs<\/h3>\n<p>[\/vc_column_text][vc_column_text el_class=\u00a0\u00bbcouleurs-pouffe-menara\u00a0\u00bb]<\/p>\n<ul>\n<li>Gris anthracite<\/li>\n<li class=\"empty\">Gris clair<\/li>\n<li class=\"empty\">Rouge Brique<\/li>\n<li>Beige<\/li>\n<li>Couleurs sp\u00e9cifiques sur commande<\/li>\n<\/ul>\n<p>[\/vc_column_text][vc_column_text]<\/p>\n<h3>Fiche technique<\/h3>\n<p>[\/vc_column_text][vc_single_image image=\u00a0\u00bb442&Prime; img_size=\u00a0\u00bbfull\u00a0\u00bb][vc_column_text]<\/p>\n<h3>Textures &amp; finitions<\/h3>\n<p>[\/vc_column_text][vc_column_text]<\/p>\n<h4>Aspect d\u00e9coratif : Perles d\u00e9coratives<\/h4>\n<p>[\/vc_column_text][vc_single_image image=\u00a0\u00bb372&Prime; img_size=\u00a0\u00bb500&#215;71&Prime;][vc_column_text]<\/p>\n<h4>Aspect poli<\/h4>\n<p>[\/vc_column_text][vc_single_image image=\u00a0\u00bb373&Prime; img_size=\u00a0\u00bb200&#215;89&Prime;][vc_single_image image=\u00a0\u00bb1213&Prime; img_size=\u00a0\u00bbfull\u00a0\u00bb el_class=\u00a0\u00bbrevetium-img-final\u00a0\u00bb][\/vc_column_inner][\/vc_row_inner][vc_column_text]<\/p>\n<h2>Corbeille Carr\u00e9e :<\/h2>\n<p>50 cm x 50 cm x 80 cm | 140 kg[\/vc_column_text][vc_row_inner equal_height=\u00a0\u00bbyes\u00a0\u00bb el_class=\u00a0\u00bbseparator-border\u00a0\u00bb][vc_column_inner width=\u00a0\u00bb1\/2&Prime;][vc_single_image image=\u00a0\u00bb1189&Prime; img_size=\u00a0\u00bb300&#215;505&Prime; alignment=\u00a0\u00bbcenter\u00a0\u00bb][vc_column_text]Le mobilier urbain rev\u00eat une importance capitale dans la pr\u00e9servation de la propret\u00e9 et de l&rsquo;esth\u00e9tique au sein des espaces publics, et la corbeille carr\u00e9e s&rsquo;impose comme un \u00e9l\u00e9ment essentiel \u00e0 cet \u00e9gard. Con\u00e7ue avec des mat\u00e9riaux de premi\u00e8re qualit\u00e9, cette corbeille harmonise astucieusement fonctionnalit\u00e9 et design raffin\u00e9. Elle repr\u00e9sente une solution \u00e0 la fois durable et esth\u00e9tique pour la gestion des d\u00e9chets au sein des espaces publics. Gr\u00e2ce \u00e0 sa fabrication m\u00e9ticuleuse et \u00e0 son esth\u00e9tique soign\u00e9e, elle se positionne comme un ajout indispensable, contribuant \u00e0 la pr\u00e9servation de la propret\u00e9 et \u00e0 l&rsquo;am\u00e9lioration visuelle des environnements urbains.[\/vc_column_text][\/vc_column_inner][vc_column_inner width=\u00a0\u00bb1\/2&Prime;][vc_column_text]<\/p>\n<h3>G\u00e9om\u00e9trie<\/h3>\n<p>[\/vc_column_text][vc_single_image image=\u00a0\u00bb447&Prime; img_size=\u00a0\u00bbfull\u00a0\u00bb alignment=\u00a0\u00bbcenter\u00a0\u00bb][vc_column_text]<\/p>\n<h3>Materiaux et aspects de personnalisation en option<\/h3>\n<p>[\/vc_column_text][vc_column_text el_class=\u00a0\u00bbmateriaux-pouffe-menara\u00a0\u00bb]<\/p>\n<ul>\n<li>Bois<\/li>\n<li class=\"empty\">Inox<\/li>\n<li class=\"empty\">Pvc<\/li>\n<li>Led<\/li>\n<li>Gravure \u2018\u2019 Logo \u2018\u2019<\/li>\n<\/ul>\n<p>[\/vc_column_text][vc_column_text]<\/p>\n<h3>Couleurs<\/h3>\n<p>[\/vc_column_text][vc_column_text el_class=\u00a0\u00bbcouleurs-pouffe-menara\u00a0\u00bb]<\/p>\n<ul>\n<li>Gris anthracite<\/li>\n<li class=\"empty\">Gris clair<\/li>\n<li class=\"empty\">Rouge Brique<\/li>\n<li>Beige<\/li>\n<li>Couleurs sp\u00e9cifiques sur commande<\/li>\n<\/ul>\n<p>[\/vc_column_text][vc_column_text]<\/p>\n<h3>Fiche technique<\/h3>\n<p>[\/vc_column_text][vc_single_image image=\u00a0\u00bb446&Prime; img_size=\u00a0\u00bbfull\u00a0\u00bb][vc_column_text]<\/p>\n<h3>Textures &amp; finitions<\/h3>\n<p>[\/vc_column_text][vc_column_text]<\/p>\n<h4>Aspect d\u00e9coratif : Perles d\u00e9coratives<\/h4>\n<p>[\/vc_column_text][vc_single_image image=\u00a0\u00bb372&Prime; img_size=\u00a0\u00bb500&#215;71&Prime;][vc_column_text]<\/p>\n<h4>Aspect poli<\/h4>\n<p>[\/vc_column_text][vc_single_image image=\u00a0\u00bb373&Prime; img_size=\u00a0\u00bb200&#215;89&Prime;][vc_single_image image=\u00a0\u00bb1214&Prime; img_size=\u00a0\u00bbfull\u00a0\u00bb el_class=\u00a0\u00bbrevetium-img-final\u00a0\u00bb][\/vc_column_inner][\/vc_row_inner]\n\t\t\t\t            <\/div>\n\t        \t\t\t<\/dd><dt class=\"\">\n\t        \t<a class=\"ult-tabto-actitle withBorder ult_a \" id=\"1709046997525-4-7\" style=\"color:#ffffff;;background-color:#a8a7a7;border-bottom-color:transparent;border-bottom-width:0px;border-bottom-style:solid;border-bottom-color:transparent;border-bottom-width:0px;border-bottom-style:solid;border-bottom-color:transparent;border-bottom-width:0px;border-bottom-style:solid;border-bottom-color:transparent;border-bottom-width:0px;border-bottom-style:solid;border-bottom-color:transparent;border-bottom-width:0px;border-bottom-style:solid;\" href=\"#1709046997525-4-7\">\n\t        \t\t<i class=\"accordion-icon\"><\/i>\n\t        \t\t\t<span class=\"ult_tab_main ult_ac_main ult_noacordicnBoth\">\n\n\t\t\t\t\t\t<span  data-ultimate-target='#advanced-tabs-wrap-6566 .ult-span-text'  data-responsive-json-new='{\"font-size\":\"desktop:15px;\",\"line-height\":\"\"}'  class=\"ult-span-text no_icon ult_acordian-text ult-responsive\" style=\";color:inherit \" >Bornes<\/span>\n\t\t\t\t\t\t<\/span><\/a><\/dt>\n\t            \t\t<dd class=\"ult-tabto-accordionItem ult-tabto-accolapsed\">\n\t\t\t\t            <div class=\"ult-tabto-acontent\" style=\"color:#74777b;\">\n\t\t\t\t               [vc_column_text]<\/p>\n<h3>Borne Massif :<\/h3>\n<p>30 cm x 30 cm x 45 cm | 88,4 kg[\/vc_column_text][vc_row_inner equal_height=\u00a0\u00bbyes\u00a0\u00bb el_class=\u00a0\u00bbseparator-border\u00a0\u00bb][vc_column_inner width=\u00a0\u00bb1\/2&Prime;][vc_single_image image=\u00a0\u00bb1191&Prime; img_size=\u00a0\u00bb300&#215;504&Prime; alignment=\u00a0\u00bbcenter\u00a0\u00bb][vc_column_text]Le Pouf cylindrique en b\u00e9ton architectonique que nous proposons constitue une solution id\u00e9ale pour les espaces ext\u00e9rieurs. Alliant durabilit\u00e9 et \u00e9l\u00e9gance, ce mod\u00e8le a \u00e9t\u00e9 sp\u00e9cialement con\u00e7u pour s&rsquo;int\u00e9grer de mani\u00e8re esth\u00e9tique et discr\u00e8te au sol.<\/p>\n<p>Sa robustesse inh\u00e9rente en fait un choix id\u00e9al pour les environnements ext\u00e9rieurs, o\u00f9 il est expos\u00e9 aux \u00e9l\u00e9ments naturels. Le mat\u00e9riau durable utilis\u00e9 dans sa fabrication assure une r\u00e9sistance exceptionnelle aux conditions climatiques vari\u00e9es, garantissant ainsi sa long\u00e9vit\u00e9 dans le temps.[\/vc_column_text][\/vc_column_inner][vc_column_inner width=\u00a0\u00bb1\/2&Prime;][vc_column_text]<\/p>\n<h3>G\u00e9om\u00e9trie<\/h3>\n<p>[\/vc_column_text][vc_single_image image=\u00a0\u00bb437&Prime; img_size=\u00a0\u00bbfull\u00a0\u00bb alignment=\u00a0\u00bbcenter\u00a0\u00bb][vc_column_text]<\/p>\n<h3>Materiaux et aspects de personnalisation en option<\/h3>\n<p>[\/vc_column_text][vc_column_text el_class=\u00a0\u00bbmateriaux-pouffe-menara\u00a0\u00bb]<\/p>\n<ul>\n<li>Bois<\/li>\n<li class=\"empty\">Inox<\/li>\n<li class=\"empty\">Pvc<\/li>\n<li>Led<\/li>\n<li>Gravure \u2018\u2019 Logo \u2018\u2019<\/li>\n<\/ul>\n<p>[\/vc_column_text][vc_column_text]<\/p>\n<h3>Couleurs<\/h3>\n<p>[\/vc_column_text][vc_column_text el_class=\u00a0\u00bbcouleurs-pouffe-menara\u00a0\u00bb]<\/p>\n<ul>\n<li>Gris anthracite<\/li>\n<li class=\"empty\">Gris clair<\/li>\n<li class=\"empty\">Rouge Brique<\/li>\n<li>Beige<\/li>\n<li>Couleurs sp\u00e9cifiques sur commande<\/li>\n<\/ul>\n<p>[\/vc_column_text][vc_column_text]<\/p>\n<h3>Fiche technique<\/h3>\n<p>[\/vc_column_text][vc_single_image image=\u00a0\u00bb436&Prime; img_size=\u00a0\u00bbfull\u00a0\u00bb][vc_column_text]<\/p>\n<h3>Textures &amp; finitions<\/h3>\n<p>[\/vc_column_text][vc_column_text]<\/p>\n<h4>Aspect d\u00e9coratif : Perles d\u00e9coratives<\/h4>\n<p>[\/vc_column_text][vc_single_image image=\u00a0\u00bb372&Prime; img_size=\u00a0\u00bb500&#215;71&Prime;][vc_column_text]<\/p>\n<h4>Aspect poli<\/h4>\n<p>[\/vc_column_text][vc_single_image image=\u00a0\u00bb373&Prime; img_size=\u00a0\u00bb200&#215;89&Prime;][vc_single_image image=\u00a0\u00bb1216&Prime; img_size=\u00a0\u00bbfull\u00a0\u00bb el_class=\u00a0\u00bbrevetium-img-final\u00a0\u00bb][\/vc_column_inner][\/vc_row_inner]\n\t\t\t\t            <\/div>\n\t        \t\t\t<\/dd><dt class=\"\">\n\t        \t<a class=\"ult-tabto-actitle withBorder ult_a \" id=\"1709047007279-5-9\" style=\"color:#ffffff;;background-color:#a8a7a7;border-bottom-color:transparent;border-bottom-width:0px;border-bottom-style:solid;border-bottom-color:transparent;border-bottom-width:0px;border-bottom-style:solid;border-bottom-color:transparent;border-bottom-width:0px;border-bottom-style:solid;border-bottom-color:transparent;border-bottom-width:0px;border-bottom-style:solid;border-bottom-color:transparent;border-bottom-width:0px;border-bottom-style:solid;border-bottom-color:transparent;border-bottom-width:0px;border-bottom-style:solid;\" href=\"#1709047007279-5-9\">\n\t        \t\t<i class=\"accordion-icon\"><\/i>\n\t        \t\t\t<span class=\"ult_tab_main ult_ac_main ult_noacordicnBoth\">\n\n\t\t\t\t\t\t<span  data-ultimate-target='#advanced-tabs-wrap-6566 .ult-span-text'  data-responsive-json-new='{\"font-size\":\"desktop:15px;\",\"line-height\":\"\"}'  class=\"ult-span-text no_icon ult_acordian-text ult-responsive\" style=\";color:inherit \" >Tables<\/span>\n\t\t\t\t\t\t<\/span><\/a><\/dt>\n\t            \t\t<dd class=\"ult-tabto-accordionItem ult-tabto-accolapsed\">\n\t\t\t\t            <div class=\"ult-tabto-acontent\" style=\"color:#74777b;\">\n\t\t\t\t               [vc_column_text]<\/p>\n<h2>Table Pique-nique U :<\/h2>\n<p>Table : 200 cm x 75 cm x 85 cm | 510 kg<br \/>\nBancs U \u00e9p.10cm : 200cm x 50cm x 45cm | 340kg[\/vc_column_text][vc_row_inner equal_height=\u00a0\u00bbyes\u00a0\u00bb el_class=\u00a0\u00bbseparator-border\u00a0\u00bb][vc_column_inner width=\u00a0\u00bb1\/2&Prime;][vc_single_image image=\u00a0\u00bb1193&Prime; img_size=\u00a0\u00bb300&#215;127&Prime; alignment=\u00a0\u00bbcenter\u00a0\u00bb][vc_column_text]Cette table pique-nique en b\u00e9ton, en tant que composant essentiel du mobilier urbain, joue un r\u00f4le significatif dans la transformation positive de l&rsquo;environnement citadin. Sa conception ing\u00e9nieuse et robuste vise \u00e0 cr\u00e9er un espace convivial, favorisant ainsi les activit\u00e9s sociales en plein air au c\u0153ur de la vie urbaine.<\/p>\n<p>L&rsquo;engagement envers des normes \u00e9lev\u00e9es en mati\u00e8re de qualit\u00e9 et de durabilit\u00e9 conf\u00e8re \u00e0 cette table pique-nique en b\u00e9ton une place privil\u00e9gi\u00e9e dans le paysage urbain contemporain. Con\u00e7ue pour r\u00e9sister aux rigueurs de l&rsquo;utilisation quotidienne, elle r\u00e9pond aux exigences techniques les plus strictes du mobilier urbain moderne. Sa structure solide et durable offre non seulement une solution fonctionnelle, mais elle contribue \u00e9galement \u00e0 la pr\u00e9servation \u00e0 long terme de l&rsquo;esth\u00e9tique urbaine, garantissant ainsi une int\u00e9gration harmonieuse dans le cadre environnant.[\/vc_column_text][\/vc_column_inner][vc_column_inner width=\u00a0\u00bb1\/2&Prime;][vc_column_text]<\/p>\n<h3>G\u00e9om\u00e9trie<\/h3>\n<p>[\/vc_column_text][vc_single_image image=\u00a0\u00bb431&Prime; img_size=\u00a0\u00bbfull\u00a0\u00bb alignment=\u00a0\u00bbcenter\u00a0\u00bb][vc_column_text]<\/p>\n<h3>Materiaux et aspects de personnalisation en option<\/h3>\n<p>[\/vc_column_text][vc_column_text el_class=\u00a0\u00bbmateriaux-pouffe-menara\u00a0\u00bb]<\/p>\n<ul>\n<li>Bois<\/li>\n<li class=\"empty\">Inox<\/li>\n<li class=\"empty\">Pvc<\/li>\n<li>Led<\/li>\n<li>Gravure \u2018\u2019 Logo \u2018\u2019<\/li>\n<\/ul>\n<p>[\/vc_column_text][vc_column_text]<\/p>\n<h3>Couleurs<\/h3>\n<p>[\/vc_column_text][vc_column_text el_class=\u00a0\u00bbcouleurs-pouffe-menara\u00a0\u00bb]<\/p>\n<ul>\n<li>Gris anthracite<\/li>\n<li class=\"empty\">Gris clair<\/li>\n<li class=\"empty\">Rouge Brique<\/li>\n<li>Beige<\/li>\n<li>Couleurs sp\u00e9cifiques sur commande<\/li>\n<\/ul>\n<p>[\/vc_column_text][vc_column_text]<\/p>\n<h3>Fiche technique<\/h3>\n<p>[\/vc_column_text][vc_single_image image=\u00a0\u00bb430&Prime; img_size=\u00a0\u00bbfull\u00a0\u00bb][vc_column_text]<\/p>\n<h3>Textures &amp; finitions<\/h3>\n<p>[\/vc_column_text][vc_column_text]<\/p>\n<h4>Aspect d\u00e9coratif : Perles d\u00e9coratives<\/h4>\n<p>[\/vc_column_text][vc_single_image image=\u00a0\u00bb372&Prime; img_size=\u00a0\u00bb500&#215;71&Prime;][vc_column_text]<\/p>\n<h4>Aspect poli<\/h4>\n<p>[\/vc_column_text][vc_single_image image=\u00a0\u00bb373&Prime; img_size=\u00a0\u00bb200&#215;89&Prime;][vc_single_image image=\u00a0\u00bb1217&Prime; img_size=\u00a0\u00bbfull\u00a0\u00bb el_class=\u00a0\u00bbrevetium-img-final\u00a0\u00bb][\/vc_column_inner][\/vc_row_inner]\n\t\t\t\t            <\/div>\n\t        \t\t\t<\/dd>\n    \t<\/dl>\n    <!--<div class=\"extraborder\" style=\"background-color:#f09021\"><\/div>-->\n<\/div>\n\n<\/div>[\/vc_column][\/vc_row]<\/p>\n<\/div>","protected":false},"excerpt":{"rendered":"<p>[vc_row][vc_column][vc_column_text] Revetium Elements [\/vc_column_text][\/vc_column][\/vc_row][vc_row][vc_column][\/vc_column][\/vc_row]<\/p>\n","protected":false},"author":1,"featured_media":0,"parent":0,"menu_order":0,"comment_status":"closed","ping_status":"closed","template":"","meta":{"inline_featured_image":false,"footnotes":""},"class_list":["post-49","page","type-page","status-publish","hentry","description-off"],"yoast_head":"<!-- This site is optimized with the Yoast SEO plugin v23.6 - https:\/\/yoast.com\/wordpress\/plugins\/seo\/ -->\n<title>Revetium Elements - Revetium \u00ae<\/title>\n<meta name=\"robots\" content=\"index, follow, max-snippet:-1, max-image-preview:large, max-video-preview:-1\" \/>\n<link rel=\"canonical\" href=\"https:\/\/devprojects2022.lifemoz.com\/Revetium\/revetium-elements\/\" \/>\n<meta property=\"og:locale\" content=\"fr_FR\" \/>\n<meta property=\"og:type\" content=\"article\" \/>\n<meta property=\"og:title\" content=\"Revetium Elements - Revetium \u00ae\" \/>\n<meta property=\"og:description\" content=\"[vc_row][vc_column][vc_column_text] Revetium Elements [\/vc_column_text][\/vc_column][\/vc_row][vc_row][vc_column][\/vc_column][\/vc_row]\" \/>\n<meta property=\"og:url\" content=\"https:\/\/devprojects2022.lifemoz.com\/Revetium\/revetium-elements\/\" \/>\n<meta property=\"og:site_name\" content=\"Revetium \u00ae\" \/>\n<meta property=\"article:modified_time\" content=\"2024-07-31T13:55:38+00:00\" \/>\n<meta name=\"twitter:card\" content=\"summary_large_image\" \/>\n<meta name=\"twitter:label1\" content=\"Dur\u00e9e de lecture estim\u00e9e\" \/>\n\t<meta name=\"twitter:data1\" content=\"28 minutes\" \/>\n<script type=\"application\/ld+json\" class=\"yoast-schema-graph\">{\"@context\":\"https:\/\/schema.org\",\"@graph\":[{\"@type\":\"WebPage\",\"@id\":\"https:\/\/devprojects2022.lifemoz.com\/Revetium\/revetium-elements\/\",\"url\":\"https:\/\/devprojects2022.lifemoz.com\/Revetium\/revetium-elements\/\",\"name\":\"Revetium Elements - Revetium \u00ae\",\"isPartOf\":{\"@id\":\"https:\/\/devprojects2022.lifemoz.com\/Revetium\/#website\"},\"datePublished\":\"2024-02-06T09:11:41+00:00\",\"dateModified\":\"2024-07-31T13:55:38+00:00\",\"breadcrumb\":{\"@id\":\"https:\/\/devprojects2022.lifemoz.com\/Revetium\/revetium-elements\/#breadcrumb\"},\"inLanguage\":\"fr-FR\",\"potentialAction\":[{\"@type\":\"ReadAction\",\"target\":[\"https:\/\/devprojects2022.lifemoz.com\/Revetium\/revetium-elements\/\"]}]},{\"@type\":\"BreadcrumbList\",\"@id\":\"https:\/\/devprojects2022.lifemoz.com\/Revetium\/revetium-elements\/#breadcrumb\",\"itemListElement\":[{\"@type\":\"ListItem\",\"position\":1,\"name\":\"Accueil\",\"item\":\"https:\/\/devprojects2022.lifemoz.com\/Revetium\/\"},{\"@type\":\"ListItem\",\"position\":2,\"name\":\"Revetium Elements\"}]},{\"@type\":\"WebSite\",\"@id\":\"https:\/\/devprojects2022.lifemoz.com\/Revetium\/#website\",\"url\":\"https:\/\/devprojects2022.lifemoz.com\/Revetium\/\",\"name\":\"Revetium \u00ae\",\"description\":\"par menara prefa\",\"publisher\":{\"@id\":\"https:\/\/devprojects2022.lifemoz.com\/Revetium\/#organization\"},\"potentialAction\":[{\"@type\":\"SearchAction\",\"target\":{\"@type\":\"EntryPoint\",\"urlTemplate\":\"https:\/\/devprojects2022.lifemoz.com\/Revetium\/?s={search_term_string}\"},\"query-input\":{\"@type\":\"PropertyValueSpecification\",\"valueRequired\":true,\"valueName\":\"search_term_string\"}}],\"inLanguage\":\"fr-FR\"},{\"@type\":\"Organization\",\"@id\":\"https:\/\/devprojects2022.lifemoz.com\/Revetium\/#organization\",\"name\":\"Revetium \u00ae\",\"url\":\"https:\/\/devprojects2022.lifemoz.com\/Revetium\/\",\"logo\":{\"@type\":\"ImageObject\",\"inLanguage\":\"fr-FR\",\"@id\":\"https:\/\/devprojects2022.lifemoz.com\/Revetium\/#\/schema\/logo\/image\/\",\"url\":\"https:\/\/devprojects2022.lifemoz.com\/Revetium\/wp-content\/uploads\/2024\/04\/Logo_revetium.svg\",\"contentUrl\":\"https:\/\/devprojects2022.lifemoz.com\/Revetium\/wp-content\/uploads\/2024\/04\/Logo_revetium.svg\",\"width\":\"1024\",\"height\":\"1024\",\"caption\":\"Revetium \u00ae\"},\"image\":{\"@id\":\"https:\/\/devprojects2022.lifemoz.com\/Revetium\/#\/schema\/logo\/image\/\"}}]}<\/script>\n<!-- \/ Yoast SEO plugin. -->","yoast_head_json":{"title":"Revetium Elements - Revetium \u00ae","robots":{"index":"index","follow":"follow","max-snippet":"max-snippet:-1","max-image-preview":"max-image-preview:large","max-video-preview":"max-video-preview:-1"},"canonical":"https:\/\/devprojects2022.lifemoz.com\/Revetium\/revetium-elements\/","og_locale":"fr_FR","og_type":"article","og_title":"Revetium Elements - Revetium \u00ae","og_description":"[vc_row][vc_column][vc_column_text] Revetium Elements [\/vc_column_text][\/vc_column][\/vc_row][vc_row][vc_column][\/vc_column][\/vc_row]","og_url":"https:\/\/devprojects2022.lifemoz.com\/Revetium\/revetium-elements\/","og_site_name":"Revetium \u00ae","article_modified_time":"2024-07-31T13:55:38+00:00","twitter_card":"summary_large_image","twitter_misc":{"Dur\u00e9e de lecture estim\u00e9e":"28 minutes"},"schema":{"@context":"https:\/\/schema.org","@graph":[{"@type":"WebPage","@id":"https:\/\/devprojects2022.lifemoz.com\/Revetium\/revetium-elements\/","url":"https:\/\/devprojects2022.lifemoz.com\/Revetium\/revetium-elements\/","name":"Revetium Elements - Revetium \u00ae","isPartOf":{"@id":"https:\/\/devprojects2022.lifemoz.com\/Revetium\/#website"},"datePublished":"2024-02-06T09:11:41+00:00","dateModified":"2024-07-31T13:55:38+00:00","breadcrumb":{"@id":"https:\/\/devprojects2022.lifemoz.com\/Revetium\/revetium-elements\/#breadcrumb"},"inLanguage":"fr-FR","potentialAction":[{"@type":"ReadAction","target":["https:\/\/devprojects2022.lifemoz.com\/Revetium\/revetium-elements\/"]}]},{"@type":"BreadcrumbList","@id":"https:\/\/devprojects2022.lifemoz.com\/Revetium\/revetium-elements\/#breadcrumb","itemListElement":[{"@type":"ListItem","position":1,"name":"Accueil","item":"https:\/\/devprojects2022.lifemoz.com\/Revetium\/"},{"@type":"ListItem","position":2,"name":"Revetium Elements"}]},{"@type":"WebSite","@id":"https:\/\/devprojects2022.lifemoz.com\/Revetium\/#website","url":"https:\/\/devprojects2022.lifemoz.com\/Revetium\/","name":"Revetium \u00ae","description":"par menara prefa","publisher":{"@id":"https:\/\/devprojects2022.lifemoz.com\/Revetium\/#organization"},"potentialAction":[{"@type":"SearchAction","target":{"@type":"EntryPoint","urlTemplate":"https:\/\/devprojects2022.lifemoz.com\/Revetium\/?s={search_term_string}"},"query-input":{"@type":"PropertyValueSpecification","valueRequired":true,"valueName":"search_term_string"}}],"inLanguage":"fr-FR"},{"@type":"Organization","@id":"https:\/\/devprojects2022.lifemoz.com\/Revetium\/#organization","name":"Revetium \u00ae","url":"https:\/\/devprojects2022.lifemoz.com\/Revetium\/","logo":{"@type":"ImageObject","inLanguage":"fr-FR","@id":"https:\/\/devprojects2022.lifemoz.com\/Revetium\/#\/schema\/logo\/image\/","url":"https:\/\/devprojects2022.lifemoz.com\/Revetium\/wp-content\/uploads\/2024\/04\/Logo_revetium.svg","contentUrl":"https:\/\/devprojects2022.lifemoz.com\/Revetium\/wp-content\/uploads\/2024\/04\/Logo_revetium.svg","width":"1024","height":"1024","caption":"Revetium \u00ae"},"image":{"@id":"https:\/\/devprojects2022.lifemoz.com\/Revetium\/#\/schema\/logo\/image\/"}}]}},"_links":{"self":[{"href":"https:\/\/devprojects2022.lifemoz.com\/Revetium\/wp-json\/wp\/v2\/pages\/49","targetHints":{"allow":["GET"]}}],"collection":[{"href":"https:\/\/devprojects2022.lifemoz.com\/Revetium\/wp-json\/wp\/v2\/pages"}],"about":[{"href":"https:\/\/devprojects2022.lifemoz.com\/Revetium\/wp-json\/wp\/v2\/types\/page"}],"author":[{"embeddable":true,"href":"https:\/\/devprojects2022.lifemoz.com\/Revetium\/wp-json\/wp\/v2\/users\/1"}],"replies":[{"embeddable":true,"href":"https:\/\/devprojects2022.lifemoz.com\/Revetium\/wp-json\/wp\/v2\/comments?post=49"}],"version-history":[{"count":65,"href":"https:\/\/devprojects2022.lifemoz.com\/Revetium\/wp-json\/wp\/v2\/pages\/49\/revisions"}],"predecessor-version":[{"id":1220,"href":"https:\/\/devprojects2022.lifemoz.com\/Revetium\/wp-json\/wp\/v2\/pages\/49\/revisions\/1220"}],"wp:attachment":[{"href":"https:\/\/devprojects2022.lifemoz.com\/Revetium\/wp-json\/wp\/v2\/media?parent=49"}],"curies":[{"name":"wp","href":"https:\/\/api.w.org\/{rel}","templated":true}]}}